{"id":13310,"date":"2025-12-10T12:59:17","date_gmt":"2025-12-10T11:59:17","guid":{"rendered":"https:\/\/dev.power-to-x-days-gutenberg.berta-bewegt.ch\/magazin\/chancen-der-power-to-x-technologien-nicht-verpassen\/"},"modified":"2025-12-23T12:35:59","modified_gmt":"2025-12-23T11:35:59","slug":"chancen-der-power-to-x-technologien-nicht-verpassen","status":"publish","type":"magazin","link":"https:\/\/power-to-x-days.ch\/fr\/magazin\/chancen-der-power-to-x-technologien-nicht-verpassen\/","title":{"rendered":"Ne pas manquerles opportunit\u00e9soffertes parles technologiesPower-to-X!"},"content":{"rendered":"\n<p class=\"has-medium-font-size\"><strong>Les besoins \u00e9nerg\u00e9tiques mondiaux s\u2019\u00e9l\u00e8vent \u00e0 environ 150&rsquo;000 TWh par an. Le rayonnement solaire annuel est au moins 10&rsquo;000 fois plus important. Nous recevons donc chaque ann\u00e9e gratuitement suffisamment d\u2019\u00e9nergie renouvelable pour tous les habitants de la plan\u00e8te. Les d\u00e9fis tiennent \u00e0 la distribution fluctuante et in\u00e9gale de ce rayonnement solaire, ce qui impose de trouver des solutions pour convertir, stocker, transporter et utiliser toute cette \u00e9nergie. Car sans \u00e9nergie en quantit\u00e9 suffisante, nous ne pourrons pas conserver notre prosp\u00e9rit\u00e9 et notre qualit\u00e9 de vie \u00e9lev\u00e9es. C\u2019est ce que montre tr\u00e8s clairement l\u2019indice de d\u00e9veloppement humain des Nations Unies.<\/strong><\/p>\n\n\n\n<p class=\"has-small-font-size\">Par le professeur Gian-Luca Bona, professeur \u00e9m\u00e9rite de photonique \u00e0 l\u2019EPFZ et \u00e0 l\u2019EPFL, Executive Committee Member de la SATW (Acad\u00e9mie suisse des sciences techniques)<\/p>\n\n\n\n<p>Au cours des derni\u00e8res d\u00e9cennies, notre \u00e9conomie a prosp\u00e9r\u00e9 gr\u00e2ce aux carburants et combustibles fossiles bon march\u00e9 et \u00e0 des technologies innovantes, mais au prix d\u2019un r\u00e9chauffement climatique global. C\u2019est ce que les scientifiques du GIEC nous expliquent, preuves \u00e0 l\u2019appui, depuis 30 ans. Le d\u00e9fi mondial consiste donc \u00e0 permettre \u00e0 quelque dix milliards de personnes de vivre de mani\u00e8re \u00e9cologique et socialement \u00e9quitable sans mettre \u00e0 mal les ressources existantes et le climat. Pour parvenir \u00e0 un syst\u00e8me \u00e9nerg\u00e9tique r\u00e9silient et durable, il faut privil\u00e9gier des concepts fonctionnant en circuit ferm\u00e9, mais sans perdre de vue la s\u00e9curit\u00e9 d\u2019approvisionnement, la compatibilit\u00e9 environnementale (c\u2019est-\u00e0-dire la neutralit\u00e9 carbone) et un acc\u00e8s \u00e0 l\u2019\u00e9nergie \u00e9quitable et abordable pour tous. Ce trilemme \u00e9nerg\u00e9tique, comme on l\u2019appelle, exige des solutions innovantes et impose de repenser tout l\u2019approvisionnement en \u00e9nergie. Nous sommes l\u00e0 face \u00e0 un d\u00e9fi soci\u00e9tal que nous ne pourrons relever qu\u2019ensemble.<\/p>\n\n\n\n<p><strong>Nous aurons besoin de plus d\u2019\u00e9lectricit\u00e9<\/strong><\/p>\n\n\n\n<p>Pour la Suisse et pour son industrie, ce d\u00e9fi est riche d\u2019opportunit\u00e9s : les \u00e9nergies renouvelables sont d\u2019ores et d\u00e9j\u00e0 exploitables, les techniques pour le faire sont au point et sous r\u00e9serve de leur d\u00e9ploiement \u00e0 l\u2019\u00e9chelle industrielle, elles offriront des d\u00e9bouch\u00e9s extr\u00eamement prometteurs. Pour relever avec succ\u00e8s les d\u00e9fis auxquels fait face le syst\u00e8me \u00e9nerg\u00e9tique suisse, une approche syst\u00e9mique et raisonn\u00e9e s\u2019impose. Diff\u00e9rents mod\u00e8les montrent que c\u2019est la transformation du syst\u00e8me \u00e9nerg\u00e9tique qui constitue la solution la plus avantageuse \u00e0 long terme, \u00e0 condition que l\u2019efficacit\u00e9 \u00e9nerg\u00e9tique progresse encore et qu\u2019en mati\u00e8re \u00e9nerg\u00e9tique, la Suisse soit rattach\u00e9e \u00e0 l\u2019UE. Selon les sc\u00e9narios \u00e9nerg\u00e9tiques 2050 de la Conf\u00e9d\u00e9ration, nous aurons besoin d\u2019environ 90 TWh d\u2019\u00e9nergie renouvelable suppl\u00e9mentaire pour remplacer les produits fossiles. C\u2019est beaucoup si l\u2019on consid\u00e8re que nos besoins en \u00e9nergie se monteront \u00e0 environ 200 TWh par an. Et nous aurons besoin de beaucoup plus de courant \u00e9lectrique, surtout pour la mobilit\u00e9 individuelle et les pompes \u00e0 chaleur. Un d\u00e9veloppement acc\u00e9l\u00e9r\u00e9 de la fili\u00e8re photovolta\u00efque devrait nous permettre de produire entre 15 et 24 TWh. L\u2019\u00e9nergie \u00e9olienne pourrait \u00e9galement apporter une contribution nettement plus cons\u00e9quente, mais les probl\u00e8mes d\u2019acceptation auxquels se heurte la fili\u00e8re devront \u00eatre lev\u00e9s. Malheureusement, le courant ainsi produit ne sera pas disponible de mani\u00e8re pr\u00e9visible, ni quand nous en aurons besoin. En raison des fluctuations quotidiennes, mais surtout saisonni\u00e8res, nous devrons stocker cette \u00e9lectricit\u00e9. Il est d\u00e9j\u00e0 question de l\u2019arr\u00eat forc\u00e9 des installations photovolta\u00efques en \u00e9t\u00e9, quand la surproduction fait que les prix de l\u2019\u00e9lectricit\u00e9 deviennent n\u00e9gatifs. Les possibilit\u00e9s de stockage local par les particuliers sont limit\u00e9es, et nos r\u00e9seaux ne sont pas con\u00e7us pour une production fluctuante et d\u00e9centralis\u00e9e. Il faudra donc r\u00e9aliser des investissement dont les co\u00fbts seront \u00e9lev\u00e9s, et nous aurons int\u00e9r\u00eat \u00e0 optimiser, mais aussi \u00e0 \u00e9largir l\u2019\u00e9ventail des options techniques.<\/p>\n\n\n\n            <section class=\"custom-image-block gb-editor-border\">\n            <img decoding=\"async\" src=\"https:\/\/power-to-x-days.ch\/wp-content\/uploads\/2025\/12\/iStock-501384512_C300-scaled.png\" alt=\"iStock-501384512_C300\">\n\n                            <p class=\"custom-image-caption\">Le navire-citerne Starlight remonte le Rhin \u00e0 B\u00e2le. Source: iStock<\/p>\n                    <\/section>\n    \n\n\n\n\n\n\n\n<p>Nous devrons avoir la possibilit\u00e9 de stocker l\u2019\u00e9lectricit\u00e9 bon march\u00e9 sous forme chimique, car nous aurons toujours besoin de carburants et de combustibles pour la mobilit\u00e9 et les utilisations industrielles. La production de carburants de synth\u00e8se pour<br>l\u2019aviation et ses 200&rsquo;000 vols par jour ou pour le trafic lourd et la navigation et leurs \u00e9normes besoins de carburants bon march\u00e9 repr\u00e9sente \u00e0 elle seule une t\u00e2che immense. Pour la transition de notre syst\u00e8me \u00e9nerg\u00e9tique, nous aurons besoin de<br>sources d\u2019\u00e9nergie renouvelables stockables (d\u2019une saison \u00e0 l\u2019autre) et transportables, mais aussi exploitables au mieux sur l\u2019infrastructure existante. Les carburants de synth\u00e8se issus de circuits ferm\u00e9s en font partie. Les calculs bas\u00e9s sur les perspectives \u00e9nerg\u00e9tiques 2050+ de la Conf\u00e9d\u00e9ration montrent que les besoins en carburants durables en Suisse se situent dans une fourchette de 30 \u00e0 60 TWh par an. Si nous parlons de concepts Power-to-X, c\u2019est parce qu\u2019une pluralit\u00e9 de solutions sera n\u00e9cessaire. X d\u00e9signe des gaz (H<sub>2<\/sub>, NH<sub>3<\/sub>, m\u00e9thane, \u2026), mais aussi des agents \u00e9nerg\u00e9tiques liquides (m\u00e9thanol, \u00e9thanol et hydrocarbures sup\u00e9rieurs), et l\u2019utilisation de la chaleur industrielle pour le chauffage fait \u00e9galement partie du concept. Enfin, la r\u00e9partition in\u00e9gale du rayonnement solaire local et saisonnier \u00e9voqu\u00e9e plus haut nous oblige \u00e0 pr\u00e9voir une proportion consid\u00e9rable d\u2019importations.<\/p>\n\n\n\n            <section class=\"testimonial-block gb-editor-border\">\n            <div class=\"testimonial-inner-container-wrapper\">\n                <div class=\"testimonial-photo\">\n                                            <img decoding=\"async\" src=\"https:\/\/power-to-x-days.ch\/wp-content\/uploads\/2025\/12\/Bona-Gian-Luca_C300-1.png\" alt=\"Prof.Dr.Gian-Luca Bona\" \/>\n                                    <\/div>\n\n                <div class=\"testimonial-text\">\n                                            <p class=\"testimonial-quote\">La transition \u00e9nerg\u00e9tique est un projet interg\u00e9n\u00e9rationnel que nous devons mener \u00e0 bien ensemble.<\/p>\n                    \n                    <p class=\"author-name\">Prof.Dr.Gian-Luca Bona<\/p>\n                <\/div>\n            <\/div>\n\n                                                <a href=\"#\" class=\"open-author-mini-biografie\">\n                        <div>\n                            <i class=\"fa-solid fa-triangle\"><\/i>\n                            <span>En savoir plus sur  Prof.Dr.Gian-Luca Bona<\/span>\n                        <\/div>\n                    <\/a>\n\n                    <div class=\"author-mini-biografie-wrapper\">\n                        <div class=\"default-text-block testimonial-mini-bio smaller-font-v default-text-block-with-very-small-h last-p-without-mb primary-text-color-block\">\n                            <p>Le professeur Gian-Luca Bona a \u00e9t\u00e9 directeur de l\u2019Empa de 2009 \u00e0 mai 2022 et professeur de photonique \u00e0 l\u2019EPFZ et \u00e0 l\u2019EPFL. De 2019 \u00e0 mai 2022, il a \u00e9t\u00e9 membre du Conseil des EPF en tant que repr\u00e9sentant des quatre institutions de recherche du domaine des EPF. Tout au long de sa carri\u00e8re dans la recherche universitaire et dans l\u2019industrie, Gian-Luca Bona s\u2019est engag\u00e9 en faveur d\u2019un transfert des connaissances et des innovations technologiques durables qui profite \u00e0 la soci\u00e9t\u00e9 tout enti\u00e8re.<\/p>\n                        <\/div>\n                    <\/div>\n                                    <\/section>\n    \n\n\n\n\n\n\n\n<p><strong>Une chance unique pour l\u2019\u00e9conomie suisse<\/strong><\/p>\n\n\n\n<p>Une diversification technique et logistique d\u2019une telle ampleur peut sembler complexe, mais elle augmente la r\u00e9silience gr\u00e2ce \u00e0 la diversit\u00e9. Aujourd\u2019hui, des solutions syst\u00e9miques, qui passent par le contr\u00f4le (internet des objets, capteurs) et l\u2019exploitation optimis\u00e9e des donn\u00e9es par l\u2019intelligence artificielle, s\u2019imposent pour parvenir \u00e0 un syst\u00e8me \u00e9nerg\u00e9tique renouvelable, efficace et r\u00e9silient. Il y a l\u00e0 une opportunit\u00e9 unique pour notre \u00e9conomie, car nous avons une longue exp\u00e9rience dans la mise au point, la production industrielle et l\u2019exportation de solutions syst\u00e9miques complexes. Nous sommes pass\u00e9s ma\u00eetres dans la diversification technique innovante, l\u2019hydro\u00e9lectricit\u00e9 classique, le couplage chaleur-force, les batteries, l\u2019hydrog\u00e8ne, les carburants de synth\u00e8se, mais aussi dans la diversification de nos fili\u00e8res d\u2019importation et des possibilit\u00e9s technologiques. Nos universit\u00e9s, nos instituts de recherche et nos start-ups innovantes ont produit une pluralit\u00e9 de solutions techniques qui ne demandant qu\u2019\u00e0 \u00eatre industrialis\u00e9es et financ\u00e9es pour renforcer durablement notre place \u00e9conomique. Mais pour l\u2019instant, ces opportunit\u00e9s ne sont gu\u00e8re exploit\u00e9es. Les investisseurs et les grandes entreprises internationales se disent d\u00e9courag\u00e9s par les contraintes bureaucratiques et le climat d\u2019investissement qui r\u00e8gnent en<br>Suisse, et pr\u00e9f\u00e8rent investir dans le Power-to-X \u00e0 l\u2019\u00e9tranger. Notre soci\u00e9t\u00e9 d\u2019abondance aurait-elle perdu toute capacit\u00e9 de saisir les opportunit\u00e9s quand elles se pr\u00e9sentent? Un exemple tir\u00e9 de l\u2019histoire suisse d\u00e9montre qu\u2019il vaut la peine d\u2019investir dans l\u2019avenir. Lorsque le tunnel ferroviaire du Gothard a \u00e9t\u00e9 ouvert en 1882, l\u2019\u00e9lectrification des chemins de fer s\u2019est rapidement impos\u00e9e comme une n\u00e9cessit\u00e9 pour s\u2019affranchir du charbon import\u00e9. La premi\u00e8re ligne ferroviaire \u00e9lectrifi\u00e9e en Suisse a \u00e9t\u00e9 le tramway Vevey-Montreux-Chillon en 1888. L\u2019\u00e9lectrification de la ligne du Gothard a \u00e9t\u00e9 achev\u00e9e d\u00e8s 1924. Bien entendu, la volont\u00e9 premi\u00e8re \u00e9tait de remplacer le charbon venu de l\u2019\u00e9tranger par de l\u2019hydro\u00e9lectricit\u00e9 indig\u00e8ne. Mais rapidement, ce choix a permis \u00e0 l\u2019industrie locale de r\u00e9aliser des innovations remarquables dans la construction de<\/p>\n\n\n\n<p>locomotives, de les exporter et de contribuer ainsi \u00e0 la prosp\u00e9rit\u00e9 g\u00e9n\u00e9rale. Le courage d\u2019innover s\u2019est av\u00e9r\u00e9 payant \u00e0 long terme, malgr\u00e9 la c\u00e9sure de la Premi\u00e8re Guerre mondiale et le marasme \u00e9conomique qu\u2019elle a provoqu\u00e9. Le syst\u00e8me \u00e9nerg\u00e9tique du futur exige la mise en place rapide d\u2019une pluralit\u00e9 de solutions (dont les technologies \u00e0 \u00e9missions n\u00e9gatives) et constitue une chance unique pour notre soci\u00e9t\u00e9. Pour que l\u2019innovation avance, il faut une volont\u00e9 politique et collective. \u00c0 nous de relever ce d\u00e9fi ensemble !<\/p>\n\n    <div class=\"xs_social_share_widget xs_share_url after_content \t\tmain_content  wslu-style-1 wslu-share-box-shaped wslu-fill-colored wslu-none wslu-share-horizontal wslu-theme-font-no wslu-main_content\">\n\n\t\t\n        <ul>\n\t\t\t        <\/ul>\n    <\/div> \n","protected":false},"featured_media":13108,"template":"","magazin-tag":[52],"class_list":["post-13310","magazin","type-magazin","status-publish","has-post-thumbnail","hentry","magazin-tag-lorem-ipsum"],"acf":[],"yoast_head":"<!-- This site is optimized with the Yoast SEO plugin v27.2 - https:\/\/yoast.com\/product\/yoast-seo-wordpress\/ -->\n<title>Ne pas manquerles opportunit\u00e9soffertes parles technologiesPower-to-X! - Power-to-X DAYS<\/title>\n<meta name=\"robots\" content=\"index, follow, max-snippet:-1, max-image-preview:large, max-video-preview:-1\" \/>\n<link rel=\"canonical\" href=\"https:\/\/power-to-x-days.ch\/fr\/magazin\/chancen-der-power-to-x-technologien-nicht-verpassen\/\" \/>\n<meta property=\"og:locale\" content=\"fr_FR\" \/>\n<meta property=\"og:type\" content=\"article\" \/>\n<meta property=\"og:title\" content=\"Ne pas manquerles opportunit\u00e9soffertes parles technologiesPower-to-X! - Power-to-X DAYS\" \/>\n<meta property=\"og:description\" content=\"Les besoins \u00e9nerg\u00e9tiques mondiaux s\u2019\u00e9l\u00e8vent \u00e0 environ 150&rsquo;000 TWh par an. Le rayonnement solaire annuel est au moins 10&rsquo;000 fois plus important. Nous recevons donc chaque ann\u00e9e gratuitement suffisamment d\u2019\u00e9nergie renouvelable pour tous les habitants de la plan\u00e8te. Les d\u00e9fis tiennent \u00e0 la distribution fluctuante et in\u00e9gale de ce rayonnement solaire, ce qui impose de [&hellip;]\" \/>\n<meta property=\"og:url\" content=\"https:\/\/power-to-x-days.ch\/fr\/magazin\/chancen-der-power-to-x-technologien-nicht-verpassen\/\" \/>\n<meta property=\"og:site_name\" content=\"Power-to-X DAYS\" \/>\n<meta property=\"article:modified_time\" content=\"2025-12-23T11:35:59+00:00\" \/>\n<meta property=\"og:image\" content=\"https:\/\/power-to-x-days.ch\/wp-content\/uploads\/2025\/12\/iStock-2154128833_C300-1024x683.png\" \/>\n\t<meta property=\"og:image:width\" content=\"1024\" \/>\n\t<meta property=\"og:image:height\" content=\"683\" \/>\n\t<meta property=\"og:image:type\" content=\"image\/png\" \/>\n<meta name=\"twitter:card\" content=\"summary_large_image\" \/>\n<meta name=\"twitter:label1\" content=\"Dur\u00e9e de lecture estim\u00e9e\" \/>\n\t<meta name=\"twitter:data1\" content=\"7 minutes\" \/>\n<script type=\"application\/ld+json\" class=\"yoast-schema-graph\">{\"@context\":\"https:\/\/schema.org\",\"@graph\":[{\"@type\":\"WebPage\",\"@id\":\"https:\/\/power-to-x-days.ch\/fr\/magazin\/chancen-der-power-to-x-technologien-nicht-verpassen\/\",\"url\":\"https:\/\/power-to-x-days.ch\/fr\/magazin\/chancen-der-power-to-x-technologien-nicht-verpassen\/\",\"name\":\"Ne pas manquerles opportunit\u00e9soffertes parles technologiesPower-to-X! - Power-to-X DAYS\",\"isPartOf\":{\"@id\":\"https:\/\/power-to-x-days.ch\/#website\"},\"primaryImageOfPage\":{\"@id\":\"https:\/\/power-to-x-days.ch\/fr\/magazin\/chancen-der-power-to-x-technologien-nicht-verpassen\/#primaryimage\"},\"image\":{\"@id\":\"https:\/\/power-to-x-days.ch\/fr\/magazin\/chancen-der-power-to-x-technologien-nicht-verpassen\/#primaryimage\"},\"thumbnailUrl\":\"https:\/\/power-to-x-days.ch\/wp-content\/uploads\/2025\/12\/iStock-2154128833_C300-scaled.png\",\"datePublished\":\"2025-12-10T11:59:17+00:00\",\"dateModified\":\"2025-12-23T11:35:59+00:00\",\"breadcrumb\":{\"@id\":\"https:\/\/power-to-x-days.ch\/fr\/magazin\/chancen-der-power-to-x-technologien-nicht-verpassen\/#breadcrumb\"},\"inLanguage\":\"fr-FR\",\"potentialAction\":[{\"@type\":\"ReadAction\",\"target\":[\"https:\/\/power-to-x-days.ch\/fr\/magazin\/chancen-der-power-to-x-technologien-nicht-verpassen\/\"]}]},{\"@type\":\"ImageObject\",\"inLanguage\":\"fr-FR\",\"@id\":\"https:\/\/power-to-x-days.ch\/fr\/magazin\/chancen-der-power-to-x-technologien-nicht-verpassen\/#primaryimage\",\"url\":\"https:\/\/power-to-x-days.ch\/wp-content\/uploads\/2025\/12\/iStock-2154128833_C300-scaled.png\",\"contentUrl\":\"https:\/\/power-to-x-days.ch\/wp-content\/uploads\/2025\/12\/iStock-2154128833_C300-scaled.png\",\"width\":2560,\"height\":1707},{\"@type\":\"BreadcrumbList\",\"@id\":\"https:\/\/power-to-x-days.ch\/fr\/magazin\/chancen-der-power-to-x-technologien-nicht-verpassen\/#breadcrumb\",\"itemListElement\":[{\"@type\":\"ListItem\",\"position\":1,\"name\":\"Startseite\",\"item\":\"https:\/\/power-to-x-days.ch\/fr\/\"},{\"@type\":\"ListItem\",\"position\":2,\"name\":\"Magazine\",\"item\":\"https:\/\/power-to-x-days.ch\/magazin\/\"},{\"@type\":\"ListItem\",\"position\":3,\"name\":\"Ne pas manquerles opportunit\u00e9soffertes parles technologiesPower-to-X!\"}]},{\"@type\":\"WebSite\",\"@id\":\"https:\/\/power-to-x-days.ch\/#website\",\"url\":\"https:\/\/power-to-x-days.ch\/\",\"name\":\"Power-to-X DAYS\",\"description\":\"Energie f\u00fcr gute L\u00f6sungen\",\"publisher\":{\"@id\":\"https:\/\/power-to-x-days.ch\/#organization\"},\"potentialAction\":[{\"@type\":\"SearchAction\",\"target\":{\"@type\":\"EntryPoint\",\"urlTemplate\":\"https:\/\/power-to-x-days.ch\/?s={search_term_string}\"},\"query-input\":{\"@type\":\"PropertyValueSpecification\",\"valueRequired\":true,\"valueName\":\"search_term_string\"}}],\"inLanguage\":\"fr-FR\"},{\"@type\":\"Organization\",\"@id\":\"https:\/\/power-to-x-days.ch\/#organization\",\"name\":\"Power-to-X DAYS\",\"url\":\"https:\/\/power-to-x-days.ch\/\",\"logo\":{\"@type\":\"ImageObject\",\"inLanguage\":\"fr-FR\",\"@id\":\"https:\/\/power-to-x-days.ch\/#\/schema\/logo\/image\/\",\"url\":\"https:\/\/power-to-x-days.ch\/wp-content\/uploads\/2020\/01\/p2xlogopng.png\",\"contentUrl\":\"https:\/\/power-to-x-days.ch\/wp-content\/uploads\/2020\/01\/p2xlogopng.png\",\"width\":1192,\"height\":337,\"caption\":\"Power-to-X DAYS\"},\"image\":{\"@id\":\"https:\/\/power-to-x-days.ch\/#\/schema\/logo\/image\/\"},\"sameAs\":[\"https:\/\/www.linkedin.com\/company\/102862334\",\"https:\/\/www.instagram.com\/power_to_x_days\"]}]}<\/script>\n<!-- \/ Yoast SEO plugin. -->","yoast_head_json":{"title":"Ne pas manquerles opportunit\u00e9soffertes parles technologiesPower-to-X! - Power-to-X DAYS","robots":{"index":"index","follow":"follow","max-snippet":"max-snippet:-1","max-image-preview":"max-image-preview:large","max-video-preview":"max-video-preview:-1"},"canonical":"https:\/\/power-to-x-days.ch\/fr\/magazin\/chancen-der-power-to-x-technologien-nicht-verpassen\/","og_locale":"fr_FR","og_type":"article","og_title":"Ne pas manquerles opportunit\u00e9soffertes parles technologiesPower-to-X! - Power-to-X DAYS","og_description":"Les besoins \u00e9nerg\u00e9tiques mondiaux s\u2019\u00e9l\u00e8vent \u00e0 environ 150&rsquo;000 TWh par an. Le rayonnement solaire annuel est au moins 10&rsquo;000 fois plus important. Nous recevons donc chaque ann\u00e9e gratuitement suffisamment d\u2019\u00e9nergie renouvelable pour tous les habitants de la plan\u00e8te. Les d\u00e9fis tiennent \u00e0 la distribution fluctuante et in\u00e9gale de ce rayonnement solaire, ce qui impose de [&hellip;]","og_url":"https:\/\/power-to-x-days.ch\/fr\/magazin\/chancen-der-power-to-x-technologien-nicht-verpassen\/","og_site_name":"Power-to-X DAYS","article_modified_time":"2025-12-23T11:35:59+00:00","og_image":[{"width":1024,"height":683,"url":"https:\/\/power-to-x-days.ch\/wp-content\/uploads\/2025\/12\/iStock-2154128833_C300-1024x683.png","type":"image\/png"}],"twitter_card":"summary_large_image","twitter_misc":{"Dur\u00e9e de lecture estim\u00e9e":"7 minutes"},"schema":{"@context":"https:\/\/schema.org","@graph":[{"@type":"WebPage","@id":"https:\/\/power-to-x-days.ch\/fr\/magazin\/chancen-der-power-to-x-technologien-nicht-verpassen\/","url":"https:\/\/power-to-x-days.ch\/fr\/magazin\/chancen-der-power-to-x-technologien-nicht-verpassen\/","name":"Ne pas manquerles opportunit\u00e9soffertes parles technologiesPower-to-X! - Power-to-X DAYS","isPartOf":{"@id":"https:\/\/power-to-x-days.ch\/#website"},"primaryImageOfPage":{"@id":"https:\/\/power-to-x-days.ch\/fr\/magazin\/chancen-der-power-to-x-technologien-nicht-verpassen\/#primaryimage"},"image":{"@id":"https:\/\/power-to-x-days.ch\/fr\/magazin\/chancen-der-power-to-x-technologien-nicht-verpassen\/#primaryimage"},"thumbnailUrl":"https:\/\/power-to-x-days.ch\/wp-content\/uploads\/2025\/12\/iStock-2154128833_C300-scaled.png","datePublished":"2025-12-10T11:59:17+00:00","dateModified":"2025-12-23T11:35:59+00:00","breadcrumb":{"@id":"https:\/\/power-to-x-days.ch\/fr\/magazin\/chancen-der-power-to-x-technologien-nicht-verpassen\/#breadcrumb"},"inLanguage":"fr-FR","potentialAction":[{"@type":"ReadAction","target":["https:\/\/power-to-x-days.ch\/fr\/magazin\/chancen-der-power-to-x-technologien-nicht-verpassen\/"]}]},{"@type":"ImageObject","inLanguage":"fr-FR","@id":"https:\/\/power-to-x-days.ch\/fr\/magazin\/chancen-der-power-to-x-technologien-nicht-verpassen\/#primaryimage","url":"https:\/\/power-to-x-days.ch\/wp-content\/uploads\/2025\/12\/iStock-2154128833_C300-scaled.png","contentUrl":"https:\/\/power-to-x-days.ch\/wp-content\/uploads\/2025\/12\/iStock-2154128833_C300-scaled.png","width":2560,"height":1707},{"@type":"BreadcrumbList","@id":"https:\/\/power-to-x-days.ch\/fr\/magazin\/chancen-der-power-to-x-technologien-nicht-verpassen\/#breadcrumb","itemListElement":[{"@type":"ListItem","position":1,"name":"Startseite","item":"https:\/\/power-to-x-days.ch\/fr\/"},{"@type":"ListItem","position":2,"name":"Magazine","item":"https:\/\/power-to-x-days.ch\/magazin\/"},{"@type":"ListItem","position":3,"name":"Ne pas manquerles opportunit\u00e9soffertes parles technologiesPower-to-X!"}]},{"@type":"WebSite","@id":"https:\/\/power-to-x-days.ch\/#website","url":"https:\/\/power-to-x-days.ch\/","name":"Power-to-X DAYS","description":"Energie f\u00fcr gute L\u00f6sungen","publisher":{"@id":"https:\/\/power-to-x-days.ch\/#organization"},"potentialAction":[{"@type":"SearchAction","target":{"@type":"EntryPoint","urlTemplate":"https:\/\/power-to-x-days.ch\/?s={search_term_string}"},"query-input":{"@type":"PropertyValueSpecification","valueRequired":true,"valueName":"search_term_string"}}],"inLanguage":"fr-FR"},{"@type":"Organization","@id":"https:\/\/power-to-x-days.ch\/#organization","name":"Power-to-X DAYS","url":"https:\/\/power-to-x-days.ch\/","logo":{"@type":"ImageObject","inLanguage":"fr-FR","@id":"https:\/\/power-to-x-days.ch\/#\/schema\/logo\/image\/","url":"https:\/\/power-to-x-days.ch\/wp-content\/uploads\/2020\/01\/p2xlogopng.png","contentUrl":"https:\/\/power-to-x-days.ch\/wp-content\/uploads\/2020\/01\/p2xlogopng.png","width":1192,"height":337,"caption":"Power-to-X DAYS"},"image":{"@id":"https:\/\/power-to-x-days.ch\/#\/schema\/logo\/image\/"},"sameAs":["https:\/\/www.linkedin.com\/company\/102862334","https:\/\/www.instagram.com\/power_to_x_days"]}]}},"_links":{"self":[{"href":"https:\/\/power-to-x-days.ch\/fr\/wp-json\/wp\/v2\/magazin\/13310","targetHints":{"allow":["GET"]}}],"collection":[{"href":"https:\/\/power-to-x-days.ch\/fr\/wp-json\/wp\/v2\/magazin"}],"about":[{"href":"https:\/\/power-to-x-days.ch\/fr\/wp-json\/wp\/v2\/types\/magazin"}],"version-history":[{"count":5,"href":"https:\/\/power-to-x-days.ch\/fr\/wp-json\/wp\/v2\/magazin\/13310\/revisions"}],"predecessor-version":[{"id":13454,"href":"https:\/\/power-to-x-days.ch\/fr\/wp-json\/wp\/v2\/magazin\/13310\/revisions\/13454"}],"wp:featuredmedia":[{"embeddable":true,"href":"https:\/\/power-to-x-days.ch\/fr\/wp-json\/wp\/v2\/media\/13108"}],"wp:attachment":[{"href":"https:\/\/power-to-x-days.ch\/fr\/wp-json\/wp\/v2\/media?parent=13310"}],"wp:term":[{"taxonomy":"magazin-tag","embeddable":true,"href":"https:\/\/power-to-x-days.ch\/fr\/wp-json\/wp\/v2\/magazin-tag?post=13310"}],"curies":[{"name":"wp","href":"https:\/\/api.w.org\/{rel}","templated":true}]}}