{"id":13479,"date":"2025-12-23T14:21:22","date_gmt":"2025-12-23T13:21:22","guid":{"rendered":"https:\/\/dev.power-to-x-days-gutenberg.berta-bewegt.ch\/magazin\/die-schweizerwasserstoffstrategie-der-weg-in-die-klimaneutrale-zukunft\/"},"modified":"2025-12-24T05:10:00","modified_gmt":"2025-12-24T04:10:00","slug":"die-schweizerwasserstoffstrategie-der-weg-in-die-klimaneutrale-zukunft","status":"publish","type":"magazin","link":"https:\/\/power-to-x-days.ch\/fr\/magazin\/die-schweizerwasserstoffstrategie-der-weg-in-die-klimaneutrale-zukunft\/","title":{"rendered":"La strat\u00e9giehydrog\u00e8nesuisse : la voievers la neutralit\u00e9carbone ?"},"content":{"rendered":"\n<p class=\"has-medium-font-size\"><strong>En d\u00e9cembre 2024, le Conseil f\u00e9d\u00e9ral a adopt\u00e9 la strat\u00e9gie hydrog\u00e8ne pour la Suisse \u2013 une \u00e9tape importante pour se rapprocher des objectifs climatiques du pays. D\u2019ici 2030, les \u00e9missions de gaz \u00e0 effet de serre doivent diminuer de 50 % (par rapport \u00e0 1990), et la Suisse veut atteindre la neutralit\u00e9 climatique d\u2019ici 2050. L\u2019hydrog\u00e8ne et les d\u00e9riv\u00e9s dits Power-to-X (P2X) peuvent jouer un r\u00f4le central \u00e0 cet \u00e9gard. Cet article donne un aper\u00e7u de la strat\u00e9gie, de ses objectifs et des mesures qui doivent mettre la Suisse sur la voie d\u2019un avenir \u00e9nerg\u00e9tique durable.<\/strong><\/p>\n\n\n\n<p class=\"has-small-font-size\">Avenergy Suisse<\/p>\n\n\n\n<p>L\u2019hydrog\u00e8ne est un vecteur \u00e9nerg\u00e9tique polyvalent qui peut remplacer les carburants et les combustibles fossiles dans des domaines difficiles \u00e0 d\u00e9carboner comme l\u2019industrie, le transport lourd ou la navigation. En Suisse, o\u00f9 les \u00e9nergies renouvelables comme l\u2019hydro\u00e9lectricit\u00e9 repr\u00e9sentent d\u00e9j\u00e0 une part importante du mix \u00e9lectrique, l\u2019hydrog\u00e8ne offre la possibilit\u00e9 de stocker l\u2019\u00e9lectricit\u00e9 exc\u00e9dentaire et de l\u2019utiliser de mani\u00e8re flexible. Il peut ainsi contribuer \u00e0 rendre l\u2019approvisionnement \u00e9nerg\u00e9tique plus s\u00fbr. La strat\u00e9gie de la Conf\u00e9d\u00e9ration en mati\u00e8re d\u2019hydrog\u00e8ne s\u2019inscrit dans le cadre de la strat\u00e9gie \u00e9nerg\u00e9tique 2050,<\/p>\n\n\n\n<p>qui vise \u00e0 rendre la Suisse climatiquement neutre d\u2019ici 2050. L\u2019hydrog\u00e8ne doit apporter de l\u2019\u00e9lectricit\u00e9 renouvelable dans tous les secteurs, de l\u2019industrie \u00e0 l\u2019approvisionnement en chaleur en passant par les transports. Le Conseil f\u00e9d\u00e9ral est clair \u00e0 ce sujet: l\u2019hydrog\u00e8ne n\u2019est pas une panac\u00e9e. Il doit \u00eatre utilis\u00e9 de mani\u00e8re cibl\u00e9e l\u00e0 o\u00f9 il fait sens d\u2019un point de vue \u00e9conomique et \u00e9cologique, par exemple pour la chaleur industrielle \u00e0 haute temp\u00e9rature ou dans la navigation.<\/p>\n\n\n\n            <section class=\"custom-image-block gb-editor-border\">\n            <img decoding=\"async\" src=\"https:\/\/power-to-x-days.ch\/wp-content\/uploads\/2025\/12\/iStock-1301233965_C300-scaled.png\" alt=\"iStock-1301233965_C300\">\n\n                            <p class=\"custom-image-caption\">Barrage d\u2019Emosson VS. Source: iStock<\/p>\n                    <\/section>\n    \n\n\n\n\n\n\n\n<p><strong>De l\u2019hydrog\u00e8ne neutre en CO\u2082: le choix de la Suisse<\/strong><\/p>\n\n\n\n<p>La strat\u00e9gie mise sur l\u2019hydrog\u00e8ne neutre en CO\u2082, c\u2019est-\u00e0-dire l\u2019hydrog\u00e8ne produit \u00e0 partir d\u2019\u00e9nergies renouvelables telles que l\u2019\u00e9nergie solaire, \u00e9olienne ou hydraulique \u2013 souvent appel\u00e9 \u00abhydrog\u00e8ne vert \u00bb. En Suisse, l\u2019hydrog\u00e8ne issu de l\u2019\u00e9nergie nucl\u00e9aire est \u00e9galement consid\u00e9r\u00e9 comme neutre en termes de CO\u2082. Le Conseil f\u00e9d\u00e9ral s\u2019attend \u00e0 ce que les co\u00fbts de l\u2019hydrog\u00e8ne vert baissent au cours des dix prochaines ann\u00e9es gr\u00e2ce \u00e0 l\u2019\u00e9volution globale du march\u00e9 et aux progr\u00e8s technologiques. Il existe d\u2019ores et d\u00e9j\u00e0 des projets visant \u00e0 convertir en hydrog\u00e8ne l\u2019\u00e9lectricit\u00e9 exc\u00e9dentaire issue de sources renouvelables, par exemple lorsque les prix de l\u2019\u00e9lectricit\u00e9 sont bas. Cela permettrait d\u2019\u00e9viter les interruptions dans la production d\u2019\u00e9lectricit\u00e9 et de renforcer l\u2019approvisionnement en hiver.<\/p>\n\n\n\n<p>Outre l\u2019hydrog\u00e8ne, les d\u00e9riv\u00e9s Powerto-X (P2X) jouent \u00e9galement un r\u00f4le important. Il s\u2019agit de vecteurs \u00e9nerg\u00e9tiques synth\u00e9tiques tels que le m\u00e9thane ou le m\u00e9thanol fabriqu\u00e9s \u00e0 partir d\u2019hydrog\u00e8ne. Ils peuvent \u00eatre int\u00e9gr\u00e9s dans les infrastructures existantes, telles que les gazoducs ou les r\u00e9servoirs, mais leur production n\u00e9cessite beaucoup d\u2019\u00e9nergie. C\u2019est pourquoi la strat\u00e9gie souligne que le carbone utilis\u00e9 pour ces d\u00e9riv\u00e9s doit provenir de sources durables comme la biomasse ou directement de l\u2019air, afin de ne pas compromettre les objectifs climatiques.<\/p>\n\n\n\n<p>Selon la strat\u00e9gie, l\u2019hydrog\u00e8ne devrait \u00eatre produit en 2035 dans de grandes installations de production d\u2019\u00e9lectricit\u00e9 ou directement aupr\u00e8s de gros consommateurs comme les entreprises industrielles. Des \u00ab hubs \u00bb d\u2019hydrog\u00e8ne devront \u00eatre cr\u00e9\u00e9s \u2013 des clusters dans lesquels fournisseurs d\u2019\u00e9nergie et industriels collaborent pour produire, utiliser ou transporter l\u2019hydrog\u00e8ne. Id\u00e9alement, ils comprendraient \u00e9galement des r\u00e9servoirs pour le stockage saisonnier. Au d\u00e9part de ces hubs, un r\u00e9seau central de distribution d\u2019hydrog\u00e8ne par pipeline, par route ou par rail devra \u00eatre mis en place.<\/p>\n\n\n\n<p>Dans l\u2019industrie, l\u2019hydrog\u00e8ne sera ensuite utilis\u00e9 comme mati\u00e8re premi\u00e8re ou pour produire de la chaleur de processus haute temp\u00e9rature, par exemple pour produire de l\u2019acier ou des produits chimiques. Il devrait remplacer les carburants fossiles dans l\u2019aviation et le transport maritime, tandis que des v\u00e9hicules \u00e0 pile \u00e0 combustible fonctionnant \u00e0 l\u2019hydrog\u00e8ne seront utilis\u00e9s pour le transport routier lourd. Pour l\u2019approvisionnement en chaleur, des r\u00e9seaux thermiques aliment\u00e9s par de l\u2019hydrog\u00e8ne ou des d\u00e9riv\u00e9s de P2X pourraient couvrir les pics de consommation.<\/p>\n\n\n\n<p><strong>Connexion \u00e0 l\u2019Europe : les importations, un facteur cl\u00e9<\/strong><\/p>\n\n\n\n<p>La Suisse est un petit pays, les possibilit\u00e9s d\u2019y produire de l\u2019hydrog\u00e8ne \u00e0 grande \u00e9chelle sont limit\u00e9es. C\u2019est pourquoi la strat\u00e9gie mise sur l\u2019importation d\u2019hydrog\u00e8ne, surtout \u00e0 partir du milieu des ann\u00e9es 2030. Pour cela, le raccordement au r\u00e9seau europ\u00e9en de transport d\u2019hydrog\u00e8ne est d\u00e9cisif. Un projet central est la transformation du gazoduc de transit qui relie la France et l\u2019Allemagne \u00e0 l\u2019Italie en passant par la Suisse. Cette conduite devra \u00eatre compatible avec l\u2019hydrog\u00e8ne et reliera la Suisse \u00e0 la Dorsale hydrog\u00e8ne europ\u00e9enne \u2013 un r\u00e9seau d\u2019hydrog\u00e8ne paneurop\u00e9en qui devrait \u00eatre en place d\u2019ici 2040.<\/p>\n\n\n\n<p>Pour \u00e9viter que la Suisse ne soit marginalis\u00e9e et ne puisse pas faire valoir ses int\u00e9r\u00eats, le Conseil f\u00e9d\u00e9ral m\u00e8ne des discussions avec les pays voisins et l\u2019UE. \u00c0 partir de 2035, les entreprises suisses devraient pouvoir acheter directement de l\u2019hydrog\u00e8ne en Europe ou sur des plateformes de march\u00e9 europ\u00e9ennes. La diversification des fili\u00e8res d\u2019importation est \u00e9galement abord\u00e9e : la Conf\u00e9d\u00e9ration pr\u00e9voit des coop\u00e9rations avec des pays hors Europe, par exemple par le biais de protocoles d\u2019accord, pour minimiser les situations de d\u00e9pendance. Parall\u00e8lement, faute de grands r\u00e9servoirs de stockage d\u2019hydrog\u00e8ne sur son territoire, la Suisse doit s\u2019assurer l\u2019acc\u00e8s \u00e0 des capacit\u00e9s de stockage dans les pays voisins.<\/p>\n\n\n\n            <section class=\"custom-image-block gb-editor-border\">\n            <img decoding=\"async\" src=\"https:\/\/power-to-x-days.ch\/wp-content\/uploads\/2025\/12\/iStock-1431772270_C300-scaled.png\" alt=\"iStock-1431772270_C300\">\n\n                            <p class=\"custom-image-caption\">Les pompes \u00e0 hydrog\u00e8ne sont encore peu nombreuses en Suisse, mais cela pourrait changer bient\u00f4t. Source: iStock<\/p>\n                    <\/section>\n    \n\n\n\n\n\n\n\n<p><strong>Recherche et innovation: la Suisse veut jouer les premiers r\u00f4les<\/strong><\/p>\n\n\n\n<p>La Suisse ne souhaite pas seulement utiliser l\u2019hydrog\u00e8ne, mais aussi jouer un r\u00f4le de premier plan dans le d\u00e9veloppement technologique. La recherche et l\u2019innovation sont donc au c\u0153ur de la strat\u00e9gie f\u00e9d\u00e9rale. Les universit\u00e9s, le domaine des EPF et les hautes \u00e9coles sp\u00e9cialis\u00e9es sont encourag\u00e9es \u00e0 d\u00e9velopper des technologies de l\u2019hydrog\u00e8ne tout au long de la cha\u00eene de valeur \u2013 de la production \u00e0 l\u2019utilisation en passant par le transport. Le Conseil f\u00e9d\u00e9ral voit l\u00e0 un v\u00e9ritable potentiel commercial: les technologies suisses de l\u2019hydrog\u00e8ne pourraient trouver des d\u00e9bouch\u00e9s dans le monde entier, la place \u00e9conomique s\u2019en trouverait renforc\u00e9e. Les cantons et le secteur de l\u2019\u00e9nergie doivent, dans la mesure du possible, encourager la formation et le perfectionnement des sp\u00e9cialistes afin de lutter contre la p\u00e9nurie de personnel qualifi\u00e9 qui menace.<\/p>\n\n\n\n<p><strong>Mesures du Conseil f\u00e9d\u00e9ral: promotion et infrastructure<\/strong><\/p>\n\n\n\n<p>Le Conseil f\u00e9d\u00e9ral propose une s\u00e9rie de mesures pour d\u00e9velopper le march\u00e9 de l\u2019hydrog\u00e8ne en Suisse. En voici un aper\u00e7u:<\/p>\n\n\n\n<p>&#8211; Suivi et \u00e9valuation des besoins: les besoins en hydrog\u00e8ne doivent \u00eatre r\u00e9guli\u00e8rement \u00e9valu\u00e9s, par exemple en actualisant les perspectives \u00e9nerg\u00e9tiques 2050+. Selon les estimations, la demande pourrait atteindre 3,6 \u00e0 10 TWh d\u2019ici 2050.<\/p>\n\n\n\n<p>&#8211; Promotion de la production : \u00e0 partir de 2025, le gouvernement f\u00e9d\u00e9ral veut promouvoir la production et le stockage de l\u2019hydrog\u00e8ne et des d\u00e9riv\u00e9s P2X, par exemple en accordant des aides financi\u00e8res aux entreprises qui r\u00e9duisent<br>leurs \u00e9missions. Cette promotion court jusqu\u2019en 2030 et est inscrite dans la loi sur la protection du climat.<br><br>\u2013 Infrastructure : la Conf\u00e9d\u00e9ration \u00e9tudie des garanties financi\u00e8res pour la transformation du gazoduc de transit et le raccordement au r\u00e9seau hydrog\u00e8ne europ\u00e9en. Les stations-service \u00e0 hydrog\u00e8ne le long des routes nationales doivent \u00e9galement \u00eatre encourag\u00e9es<br><br>\u2013 Table ronde sur le stockage : une table ronde doit clarifier la mani\u00e8re dont l\u2019hydrog\u00e8ne et les d\u00e9riv\u00e9s du P2X peuvent contribuer au stockage saisonnier de l\u2019\u00e9nergie, par exemple en cavernes ou en r\u00e9affectant des sites de stockage<br>existants.<\/p>\n\n\n\n<p><br>\u2013 Coop\u00e9ration internationale : la Conf\u00e9d\u00e9ration veut conclure des partenariats strat\u00e9giques avec des pays tiers et rattacher la Suisse aux march\u00e9s internationaux de l\u2019hydrog\u00e8ne<\/p>\n\n\n\n<p><strong><strong>Obstacles g\u00e9opolitiques et manque de comp\u00e9titivit\u00e9<\/strong><\/strong><\/p>\n\n\n\n<p>L\u2019hydrog\u00e8ne pr\u00e9sente de nombreux avantages, mais aussi des d\u00e9fis. Sa production est gourmande en \u00e9nergie et c\u2019est un gaz volatil, voire explosif dans certaines circonstances. Cela implique des mesures de s\u00e9curit\u00e9 strictes et des<br>investissements dans les infrastructures. De plus, l\u2019hydrog\u00e8ne a une faible densit\u00e9 \u00e9nerg\u00e9tique volum\u00e9trique, ce qui le rend moins adapt\u00e9 \u00e0 des applications comme le transport a\u00e9rien long courrier. C\u2019est l\u00e0 qu\u2019interviennent les d\u00e9riv\u00e9s du P2X, mais leur production, l\u00e0 encore, sera plus co\u00fbteuse.<\/p>\n\n\n\n<p>Autre enjeu, la d\u00e9pendance aux importations. Alors que la Suisse mise dans un premier temps sur une production propre, elle d\u00e9pendra de ses importations d\u00e8s le milieu des ann\u00e9es 2030. Cela comporte des risques g\u00e9opolitiques que le Conseil f\u00e9d\u00e9ral veut minimiser par la diversification et des normes de durabilit\u00e9. Enfin, l\u2019hydrog\u00e8ne n\u2019est pas encore comp\u00e9titif par rapport aux \u00e9nergies fossiles. La Conf\u00e9d\u00e9ration mise sur la baisse des co\u00fbts et soutient le d\u00e9veloppement du march\u00e9 par des mesures cibl\u00e9es. Au final, on voit que le Conseil \u00e9d\u00e9ral reconna\u00eet le potentiel de l\u2019hydrog\u00e8ne pour l\u2019industrie suisse, mais qu\u2019il reste des obstacles pour son utilisation \u00e0 grande \u00e9chelle<\/p>\n\n    <div class=\"xs_social_share_widget xs_share_url after_content \t\tmain_content  wslu-style-1 wslu-share-box-shaped wslu-fill-colored wslu-none wslu-share-horizontal wslu-theme-font-no wslu-main_content\">\n\n\t\t\n        <ul>\n\t\t\t        <\/ul>\n    <\/div> \n","protected":false},"featured_media":13105,"template":"","magazin-tag":[],"class_list":["post-13479","magazin","type-magazin","status-publish","has-post-thumbnail","hentry"],"acf":[],"yoast_head":"<!-- This site is optimized with the Yoast SEO plugin v27.2 - https:\/\/yoast.com\/product\/yoast-seo-wordpress\/ -->\n<title>La strat\u00e9giehydrog\u00e8nesuisse : la voievers la neutralit\u00e9carbone ? - Power-to-X DAYS<\/title>\n<meta name=\"robots\" content=\"index, follow, max-snippet:-1, max-image-preview:large, max-video-preview:-1\" \/>\n<link rel=\"canonical\" href=\"https:\/\/power-to-x-days.ch\/fr\/magazin\/die-schweizerwasserstoffstrategie-der-weg-in-die-klimaneutrale-zukunft\/\" \/>\n<meta property=\"og:locale\" content=\"fr_FR\" \/>\n<meta property=\"og:type\" content=\"article\" \/>\n<meta property=\"og:title\" content=\"La strat\u00e9giehydrog\u00e8nesuisse : la voievers la neutralit\u00e9carbone ? - Power-to-X DAYS\" \/>\n<meta property=\"og:description\" content=\"En d\u00e9cembre 2024, le Conseil f\u00e9d\u00e9ral a adopt\u00e9 la strat\u00e9gie hydrog\u00e8ne pour la Suisse \u2013 une \u00e9tape importante pour se rapprocher des objectifs climatiques du pays. D\u2019ici 2030, les \u00e9missions de gaz \u00e0 effet de serre doivent diminuer de 50 % (par rapport \u00e0 1990), et la Suisse veut atteindre la neutralit\u00e9 climatique d\u2019ici 2050. [&hellip;]\" \/>\n<meta property=\"og:url\" content=\"https:\/\/power-to-x-days.ch\/fr\/magazin\/die-schweizerwasserstoffstrategie-der-weg-in-die-klimaneutrale-zukunft\/\" \/>\n<meta property=\"og:site_name\" content=\"Power-to-X DAYS\" \/>\n<meta property=\"article:modified_time\" content=\"2025-12-24T04:10:00+00:00\" \/>\n<meta property=\"og:image\" content=\"https:\/\/power-to-x-days.ch\/wp-content\/uploads\/2025\/12\/iStock-1431772270_C300-1024x681.png\" \/>\n\t<meta property=\"og:image:width\" content=\"1024\" \/>\n\t<meta property=\"og:image:height\" content=\"681\" \/>\n\t<meta property=\"og:image:type\" content=\"image\/png\" \/>\n<meta name=\"twitter:card\" content=\"summary_large_image\" \/>\n<meta name=\"twitter:label1\" content=\"Dur\u00e9e de lecture estim\u00e9e\" \/>\n\t<meta name=\"twitter:data1\" content=\"8 minutes\" \/>\n<script type=\"application\/ld+json\" class=\"yoast-schema-graph\">{\"@context\":\"https:\/\/schema.org\",\"@graph\":[{\"@type\":\"WebPage\",\"@id\":\"https:\/\/power-to-x-days.ch\/fr\/magazin\/die-schweizerwasserstoffstrategie-der-weg-in-die-klimaneutrale-zukunft\/\",\"url\":\"https:\/\/power-to-x-days.ch\/fr\/magazin\/die-schweizerwasserstoffstrategie-der-weg-in-die-klimaneutrale-zukunft\/\",\"name\":\"La strat\u00e9giehydrog\u00e8nesuisse : la voievers la neutralit\u00e9carbone ? - Power-to-X DAYS\",\"isPartOf\":{\"@id\":\"https:\/\/power-to-x-days.ch\/#website\"},\"primaryImageOfPage\":{\"@id\":\"https:\/\/power-to-x-days.ch\/fr\/magazin\/die-schweizerwasserstoffstrategie-der-weg-in-die-klimaneutrale-zukunft\/#primaryimage\"},\"image\":{\"@id\":\"https:\/\/power-to-x-days.ch\/fr\/magazin\/die-schweizerwasserstoffstrategie-der-weg-in-die-klimaneutrale-zukunft\/#primaryimage\"},\"thumbnailUrl\":\"https:\/\/power-to-x-days.ch\/wp-content\/uploads\/2025\/12\/iStock-1431772270_C300-scaled.png\",\"datePublished\":\"2025-12-23T13:21:22+00:00\",\"dateModified\":\"2025-12-24T04:10:00+00:00\",\"breadcrumb\":{\"@id\":\"https:\/\/power-to-x-days.ch\/fr\/magazin\/die-schweizerwasserstoffstrategie-der-weg-in-die-klimaneutrale-zukunft\/#breadcrumb\"},\"inLanguage\":\"fr-FR\",\"potentialAction\":[{\"@type\":\"ReadAction\",\"target\":[\"https:\/\/power-to-x-days.ch\/fr\/magazin\/die-schweizerwasserstoffstrategie-der-weg-in-die-klimaneutrale-zukunft\/\"]}]},{\"@type\":\"ImageObject\",\"inLanguage\":\"fr-FR\",\"@id\":\"https:\/\/power-to-x-days.ch\/fr\/magazin\/die-schweizerwasserstoffstrategie-der-weg-in-die-klimaneutrale-zukunft\/#primaryimage\",\"url\":\"https:\/\/power-to-x-days.ch\/wp-content\/uploads\/2025\/12\/iStock-1431772270_C300-scaled.png\",\"contentUrl\":\"https:\/\/power-to-x-days.ch\/wp-content\/uploads\/2025\/12\/iStock-1431772270_C300-scaled.png\",\"width\":2560,\"height\":1703},{\"@type\":\"BreadcrumbList\",\"@id\":\"https:\/\/power-to-x-days.ch\/fr\/magazin\/die-schweizerwasserstoffstrategie-der-weg-in-die-klimaneutrale-zukunft\/#breadcrumb\",\"itemListElement\":[{\"@type\":\"ListItem\",\"position\":1,\"name\":\"Startseite\",\"item\":\"https:\/\/power-to-x-days.ch\/fr\/\"},{\"@type\":\"ListItem\",\"position\":2,\"name\":\"Magazine\",\"item\":\"https:\/\/power-to-x-days.ch\/magazin\/\"},{\"@type\":\"ListItem\",\"position\":3,\"name\":\"La strat\u00e9giehydrog\u00e8nesuisse : la voievers la neutralit\u00e9carbone ?\"}]},{\"@type\":\"WebSite\",\"@id\":\"https:\/\/power-to-x-days.ch\/#website\",\"url\":\"https:\/\/power-to-x-days.ch\/\",\"name\":\"Power-to-X DAYS\",\"description\":\"Energie f\u00fcr gute L\u00f6sungen\",\"publisher\":{\"@id\":\"https:\/\/power-to-x-days.ch\/#organization\"},\"potentialAction\":[{\"@type\":\"SearchAction\",\"target\":{\"@type\":\"EntryPoint\",\"urlTemplate\":\"https:\/\/power-to-x-days.ch\/?s={search_term_string}\"},\"query-input\":{\"@type\":\"PropertyValueSpecification\",\"valueRequired\":true,\"valueName\":\"search_term_string\"}}],\"inLanguage\":\"fr-FR\"},{\"@type\":\"Organization\",\"@id\":\"https:\/\/power-to-x-days.ch\/#organization\",\"name\":\"Power-to-X DAYS\",\"url\":\"https:\/\/power-to-x-days.ch\/\",\"logo\":{\"@type\":\"ImageObject\",\"inLanguage\":\"fr-FR\",\"@id\":\"https:\/\/power-to-x-days.ch\/#\/schema\/logo\/image\/\",\"url\":\"https:\/\/power-to-x-days.ch\/wp-content\/uploads\/2020\/01\/p2xlogopng.png\",\"contentUrl\":\"https:\/\/power-to-x-days.ch\/wp-content\/uploads\/2020\/01\/p2xlogopng.png\",\"width\":1192,\"height\":337,\"caption\":\"Power-to-X DAYS\"},\"image\":{\"@id\":\"https:\/\/power-to-x-days.ch\/#\/schema\/logo\/image\/\"},\"sameAs\":[\"https:\/\/www.linkedin.com\/company\/102862334\",\"https:\/\/www.instagram.com\/power_to_x_days\"]}]}<\/script>\n<!-- \/ Yoast SEO plugin. -->","yoast_head_json":{"title":"La strat\u00e9giehydrog\u00e8nesuisse : la voievers la neutralit\u00e9carbone ? - Power-to-X DAYS","robots":{"index":"index","follow":"follow","max-snippet":"max-snippet:-1","max-image-preview":"max-image-preview:large","max-video-preview":"max-video-preview:-1"},"canonical":"https:\/\/power-to-x-days.ch\/fr\/magazin\/die-schweizerwasserstoffstrategie-der-weg-in-die-klimaneutrale-zukunft\/","og_locale":"fr_FR","og_type":"article","og_title":"La strat\u00e9giehydrog\u00e8nesuisse : la voievers la neutralit\u00e9carbone ? - Power-to-X DAYS","og_description":"En d\u00e9cembre 2024, le Conseil f\u00e9d\u00e9ral a adopt\u00e9 la strat\u00e9gie hydrog\u00e8ne pour la Suisse \u2013 une \u00e9tape importante pour se rapprocher des objectifs climatiques du pays. D\u2019ici 2030, les \u00e9missions de gaz \u00e0 effet de serre doivent diminuer de 50 % (par rapport \u00e0 1990), et la Suisse veut atteindre la neutralit\u00e9 climatique d\u2019ici 2050. [&hellip;]","og_url":"https:\/\/power-to-x-days.ch\/fr\/magazin\/die-schweizerwasserstoffstrategie-der-weg-in-die-klimaneutrale-zukunft\/","og_site_name":"Power-to-X DAYS","article_modified_time":"2025-12-24T04:10:00+00:00","og_image":[{"width":1024,"height":681,"url":"https:\/\/power-to-x-days.ch\/wp-content\/uploads\/2025\/12\/iStock-1431772270_C300-1024x681.png","type":"image\/png"}],"twitter_card":"summary_large_image","twitter_misc":{"Dur\u00e9e de lecture estim\u00e9e":"8 minutes"},"schema":{"@context":"https:\/\/schema.org","@graph":[{"@type":"WebPage","@id":"https:\/\/power-to-x-days.ch\/fr\/magazin\/die-schweizerwasserstoffstrategie-der-weg-in-die-klimaneutrale-zukunft\/","url":"https:\/\/power-to-x-days.ch\/fr\/magazin\/die-schweizerwasserstoffstrategie-der-weg-in-die-klimaneutrale-zukunft\/","name":"La strat\u00e9giehydrog\u00e8nesuisse : la voievers la neutralit\u00e9carbone ? - Power-to-X DAYS","isPartOf":{"@id":"https:\/\/power-to-x-days.ch\/#website"},"primaryImageOfPage":{"@id":"https:\/\/power-to-x-days.ch\/fr\/magazin\/die-schweizerwasserstoffstrategie-der-weg-in-die-klimaneutrale-zukunft\/#primaryimage"},"image":{"@id":"https:\/\/power-to-x-days.ch\/fr\/magazin\/die-schweizerwasserstoffstrategie-der-weg-in-die-klimaneutrale-zukunft\/#primaryimage"},"thumbnailUrl":"https:\/\/power-to-x-days.ch\/wp-content\/uploads\/2025\/12\/iStock-1431772270_C300-scaled.png","datePublished":"2025-12-23T13:21:22+00:00","dateModified":"2025-12-24T04:10:00+00:00","breadcrumb":{"@id":"https:\/\/power-to-x-days.ch\/fr\/magazin\/die-schweizerwasserstoffstrategie-der-weg-in-die-klimaneutrale-zukunft\/#breadcrumb"},"inLanguage":"fr-FR","potentialAction":[{"@type":"ReadAction","target":["https:\/\/power-to-x-days.ch\/fr\/magazin\/die-schweizerwasserstoffstrategie-der-weg-in-die-klimaneutrale-zukunft\/"]}]},{"@type":"ImageObject","inLanguage":"fr-FR","@id":"https:\/\/power-to-x-days.ch\/fr\/magazin\/die-schweizerwasserstoffstrategie-der-weg-in-die-klimaneutrale-zukunft\/#primaryimage","url":"https:\/\/power-to-x-days.ch\/wp-content\/uploads\/2025\/12\/iStock-1431772270_C300-scaled.png","contentUrl":"https:\/\/power-to-x-days.ch\/wp-content\/uploads\/2025\/12\/iStock-1431772270_C300-scaled.png","width":2560,"height":1703},{"@type":"BreadcrumbList","@id":"https:\/\/power-to-x-days.ch\/fr\/magazin\/die-schweizerwasserstoffstrategie-der-weg-in-die-klimaneutrale-zukunft\/#breadcrumb","itemListElement":[{"@type":"ListItem","position":1,"name":"Startseite","item":"https:\/\/power-to-x-days.ch\/fr\/"},{"@type":"ListItem","position":2,"name":"Magazine","item":"https:\/\/power-to-x-days.ch\/magazin\/"},{"@type":"ListItem","position":3,"name":"La strat\u00e9giehydrog\u00e8nesuisse : la voievers la neutralit\u00e9carbone ?"}]},{"@type":"WebSite","@id":"https:\/\/power-to-x-days.ch\/#website","url":"https:\/\/power-to-x-days.ch\/","name":"Power-to-X DAYS","description":"Energie f\u00fcr gute L\u00f6sungen","publisher":{"@id":"https:\/\/power-to-x-days.ch\/#organization"},"potentialAction":[{"@type":"SearchAction","target":{"@type":"EntryPoint","urlTemplate":"https:\/\/power-to-x-days.ch\/?s={search_term_string}"},"query-input":{"@type":"PropertyValueSpecification","valueRequired":true,"valueName":"search_term_string"}}],"inLanguage":"fr-FR"},{"@type":"Organization","@id":"https:\/\/power-to-x-days.ch\/#organization","name":"Power-to-X DAYS","url":"https:\/\/power-to-x-days.ch\/","logo":{"@type":"ImageObject","inLanguage":"fr-FR","@id":"https:\/\/power-to-x-days.ch\/#\/schema\/logo\/image\/","url":"https:\/\/power-to-x-days.ch\/wp-content\/uploads\/2020\/01\/p2xlogopng.png","contentUrl":"https:\/\/power-to-x-days.ch\/wp-content\/uploads\/2020\/01\/p2xlogopng.png","width":1192,"height":337,"caption":"Power-to-X DAYS"},"image":{"@id":"https:\/\/power-to-x-days.ch\/#\/schema\/logo\/image\/"},"sameAs":["https:\/\/www.linkedin.com\/company\/102862334","https:\/\/www.instagram.com\/power_to_x_days"]}]}},"_links":{"self":[{"href":"https:\/\/power-to-x-days.ch\/fr\/wp-json\/wp\/v2\/magazin\/13479","targetHints":{"allow":["GET"]}}],"collection":[{"href":"https:\/\/power-to-x-days.ch\/fr\/wp-json\/wp\/v2\/magazin"}],"about":[{"href":"https:\/\/power-to-x-days.ch\/fr\/wp-json\/wp\/v2\/types\/magazin"}],"version-history":[{"count":1,"href":"https:\/\/power-to-x-days.ch\/fr\/wp-json\/wp\/v2\/magazin\/13479\/revisions"}],"predecessor-version":[{"id":13481,"href":"https:\/\/power-to-x-days.ch\/fr\/wp-json\/wp\/v2\/magazin\/13479\/revisions\/13481"}],"wp:featuredmedia":[{"embeddable":true,"href":"https:\/\/power-to-x-days.ch\/fr\/wp-json\/wp\/v2\/media\/13105"}],"wp:attachment":[{"href":"https:\/\/power-to-x-days.ch\/fr\/wp-json\/wp\/v2\/media?parent=13479"}],"wp:term":[{"taxonomy":"magazin-tag","embeddable":true,"href":"https:\/\/power-to-x-days.ch\/fr\/wp-json\/wp\/v2\/magazin-tag?post=13479"}],"curies":[{"name":"wp","href":"https:\/\/api.w.org\/{rel}","templated":true}]}}