{"id":10561,"date":"2024-06-17T13:35:46","date_gmt":"2024-06-17T11:35:46","guid":{"rendered":"http:\/\/localhost\/power-to-x-days\/speakers\/"},"modified":"2025-09-08T08:35:37","modified_gmt":"2025-09-08T06:35:37","slug":"speakers","status":"publish","type":"page","link":"https:\/\/power-to-x-days.ch\/fr\/speakers\/","title":{"rendered":"Oratrices et orateurs"},"content":{"rendered":"\n            <section class=\"speakers-block gb-editor-border\">\n            <div class=\"speakers-block-inner-container\">\n                                    <div class=\"section-title-wraper scrollMagic-block visibleInBackend\" data-uid=\"69f51b883012c\">\n                                                    <h2 class=\"section-title \">Pionniers, leaders et hommes d&rsquo;action<\/h2>\n                        \n                                                    <div class=\"default-text-block speakers-v\">\n                                <p style=\"text-align: center;\">Des intervenantes et intervenats de haut niveau mettront le Power-to-X \u00e0 l&rsquo;ordre du jour et fourniront des r\u00e9ponses aux questions suivantes : o\u00f9 en est la Suisse ? Comment cr\u00e9er le march\u00e9 ?<\/p>\n                            <\/div>\n                                            <\/div>\n                \n                <div class=\"speakers-wrapper\">\n                                            <div class=\"speaker-wrapper delay-0 scrollMagic-block visibleInBackend\" data-uid=\"69f51b883042b\">\n                            <div class=\"speaker-inner-container\">\n                                <div class=\"speaker-photo\">\n                                    <div class=\"speaker-photo-top-bg\" style=\"background-color: #4d55ae\"><\/div>\n\n                                    <a href=\"https:\/\/power-to-x-days.ch\/fr\/speaker\/adrian-theiler\/\">\n                                                                                    <img loading=\"lazy\" decoding=\"async\" src=\"https:\/\/power-to-x-days.ch\/wp-content\/uploads\/2024\/06\/Adrian_Theiler-1-300x300.png\" alt=\"Adrian Theiler\">\n                                                                            <\/a>\n                                                                            <div class=\"speaker-social-profiles\">\n                                            <ul class=\"speakers-social-lists\">\n                                                                                                    <li>\n                                                        <a href=\"https:\/\/www.linkedin.com\/in\/adrian-theiler-2a5b4650\/\" target=\"_blank\">\n                                                                                                                            <i class=\"fa-brands fa-linkedin-in\"><\/i>\n                                                                                                                    <\/a>\n                                                    <\/li>\n                                                                                            <\/ul>\n                                        <\/div>\n                                                                    <\/div>\n                                <div class=\"speaker-footer-content\">\n                                    <h2 class=\"speaker-title\">\n                                        <a href=\"https:\/\/power-to-x-days.ch\/fr\/speaker\/adrian-theiler\/\">Adrian Theiler<\/a>\n                                    <\/h2>\n\n                                                                            <p>Directeur des op\u00e9rations, V-ZUG<\/p>\n                                                                    <\/div>\n                            <\/div>\n                        <\/div>\n                                            <div class=\"speaker-wrapper delay-1 scrollMagic-block visibleInBackend\" data-uid=\"69f51b8831357\">\n                            <div class=\"speaker-inner-container\">\n                                <div class=\"speaker-photo\">\n                                    <div class=\"speaker-photo-top-bg\" style=\"background-color: #4d55ae\"><\/div>\n\n                                    <a href=\"https:\/\/power-to-x-days.ch\/fr\/speaker\/andreas-bittig\/\">\n                                                                                    <img loading=\"lazy\" decoding=\"async\" src=\"https:\/\/power-to-x-days.ch\/wp-content\/uploads\/2024\/06\/Andreas_Bittig-1-300x300.png\" alt=\"Andreas Bittig\">\n                                                                            <\/a>\n                                                                            <div class=\"speaker-social-profiles\">\n                                            <ul class=\"speakers-social-lists\">\n                                                                                                    <li>\n                                                        <a href=\"https:\/\/www.linkedin.com\/in\/bittig\/\" target=\"_blank\">\n                                                                                                                            <i class=\"fa-brands fa-linkedin-in\"><\/i>\n                                                                                                                    <\/a>\n                                                    <\/li>\n                                                                                            <\/ul>\n                                        <\/div>\n                                                                    <\/div>\n                                <div class=\"speaker-footer-content\">\n                                    <h2 class=\"speaker-title\">\n                                        <a href=\"https:\/\/power-to-x-days.ch\/fr\/speaker\/andreas-bittig\/\">Andreas Bittig<\/a>\n                                    <\/h2>\n\n                                                                            <p>directeur du secr\u00e9tariat et chef de projet global, Association pour la d\u00e9carbonisation de l&rsquo;industrie (VzDI) <\/p>\n                                                                    <\/div>\n                            <\/div>\n                        <\/div>\n                                            <div class=\"speaker-wrapper delay-2 scrollMagic-block visibleInBackend\" data-uid=\"69f51b8831ec5\">\n                            <div class=\"speaker-inner-container\">\n                                <div class=\"speaker-photo\">\n                                    <div class=\"speaker-photo-top-bg\" style=\"background-color: #4d55ae\"><\/div>\n\n                                    <a href=\"https:\/\/power-to-x-days.ch\/fr\/speaker\/antoinette-hunziker-ebneter\/\">\n                                                                                    <img loading=\"lazy\" decoding=\"async\" src=\"https:\/\/power-to-x-days.ch\/wp-content\/uploads\/2024\/06\/Antoinette_Hunziker_Ebneter-1-300x300.png\" alt=\"Antoinette Hunziker-Ebneter\">\n                                                                            <\/a>\n                                                                            <div class=\"speaker-social-profiles\">\n                                            <ul class=\"speakers-social-lists\">\n                                                                                                    <li>\n                                                        <a href=\"https:\/\/www.linkedin.com\/in\/antoinette-hunziker-ebneter-851a3517\/\" target=\"_blank\">\n                                                                                                                            <i class=\"fa-brands fa-linkedin-in\"><\/i>\n                                                                                                                    <\/a>\n                                                    <\/li>\n                                                                                            <\/ul>\n                                        <\/div>\n                                                                    <\/div>\n                                <div class=\"speaker-footer-content\">\n                                    <h2 class=\"speaker-title\">\n                                        <a href=\"https:\/\/power-to-x-days.ch\/fr\/speaker\/antoinette-hunziker-ebneter\/\">Antoinette Hunziker-Ebneter<\/a>\n                                    <\/h2>\n\n                                                                            <p>Partenaire fondateur de Forma Futura Invest AG et pr\u00e9sident du conseil d&rsquo;administration de BEKB AG<\/p>\n                                                                    <\/div>\n                            <\/div>\n                        <\/div>\n                                            <div class=\"speaker-wrapper delay-0 scrollMagic-block visibleInBackend\" data-uid=\"69f51b883293a\">\n                            <div class=\"speaker-inner-container\">\n                                <div class=\"speaker-photo\">\n                                    <div class=\"speaker-photo-top-bg\" style=\"background-color: #5dbf7c\"><\/div>\n\n                                    <a href=\"https:\/\/power-to-x-days.ch\/fr\/speaker\/carmen-walker-spaeh\/\">\n                                                                                    <img loading=\"lazy\" decoding=\"async\" src=\"https:\/\/power-to-x-days.ch\/wp-content\/uploads\/2024\/06\/Walker_Spaeh_Carmen-300x300.png\" alt=\"Carmen Walker Sp\u00e4h\">\n                                                                            <\/a>\n                                                                            <div class=\"speaker-social-profiles\">\n                                            <ul class=\"speakers-social-lists\">\n                                                                                                    <li>\n                                                        <a href=\"https:\/\/www.linkedin.com\/in\/carmen-walker-sp%C3%A4h-b75221231\/?originalSubdomain=ch\" target=\"_blank\">\n                                                                                                                            <i class=\"fa-brands fa-linkedin-in\"><\/i>\n                                                                                                                    <\/a>\n                                                    <\/li>\n                                                                                            <\/ul>\n                                        <\/div>\n                                                                    <\/div>\n                                <div class=\"speaker-footer-content\">\n                                    <h2 class=\"speaker-title\">\n                                        <a href=\"https:\/\/power-to-x-days.ch\/fr\/speaker\/carmen-walker-spaeh\/\">Carmen Walker Sp\u00e4h<\/a>\n                                    <\/h2>\n\n                                                                            <p>conseill\u00e8re d&rsquo;\u00c9tat du canton de Zurich<\/p>\n                                                                    <\/div>\n                            <\/div>\n                        <\/div>\n                                            <div class=\"speaker-wrapper delay-1 scrollMagic-block visibleInBackend\" data-uid=\"69f51b883313b\">\n                            <div class=\"speaker-inner-container\">\n                                <div class=\"speaker-photo\">\n                                    <div class=\"speaker-photo-top-bg\" style=\"background-color: #4d55ae\"><\/div>\n\n                                    <a href=\"https:\/\/power-to-x-days.ch\/fr\/speaker\/daniel-hofer\/\">\n                                                                                    <img loading=\"lazy\" decoding=\"async\" src=\"https:\/\/power-to-x-days.ch\/wp-content\/uploads\/2024\/06\/Daniel_Hofer-1-300x300.png\" alt=\"Daniel Hofer\">\n                                                                            <\/a>\n                                                                            <div class=\"speaker-social-profiles\">\n                                            <ul class=\"speakers-social-lists\">\n                                                                                                    <li>\n                                                        <a href=\"https:\/\/www.linkedin.com\/in\/hofer-h-daniel\/\" target=\"_blank\">\n                                                                                                                            <i class=\"fa-brands fa-linkedin-in\"><\/i>\n                                                                                                                    <\/a>\n                                                    <\/li>\n                                                                                            <\/ul>\n                                        <\/div>\n                                                                    <\/div>\n                                <div class=\"speaker-footer-content\">\n                                    <h2 class=\"speaker-title\">\n                                        <a href=\"https:\/\/power-to-x-days.ch\/fr\/speaker\/daniel-hofer\/\">Daniel Hofer<\/a>\n                                    <\/h2>\n\n                                                                            <p>Pr\u00e9sident d&rsquo;Avenergy Suisse<\/p>\n                                                                    <\/div>\n                            <\/div>\n                        <\/div>\n                                            <div class=\"speaker-wrapper delay-2 scrollMagic-block visibleInBackend\" data-uid=\"69f51b88339ee\">\n                            <div class=\"speaker-inner-container\">\n                                <div class=\"speaker-photo\">\n                                    <div class=\"speaker-photo-top-bg\" style=\"background-color: #4d55ae\"><\/div>\n\n                                    <a href=\"https:\/\/power-to-x-days.ch\/fr\/speaker\/daniela-decurtins\/\">\n                                                                                    <img loading=\"lazy\" decoding=\"async\" src=\"https:\/\/power-to-x-days.ch\/wp-content\/uploads\/2024\/06\/Daniela_Decurtins-1-300x300.png\" alt=\"Daniela Decurtins\">\n                                                                            <\/a>\n                                                                            <div class=\"speaker-social-profiles\">\n                                            <ul class=\"speakers-social-lists\">\n                                                                                                    <li>\n                                                        <a href=\"https:\/\/www.linkedin.com\/in\/daniela-decurtins-11806b14\/\" target=\"_blank\">\n                                                                                                                            <i class=\"fa-brands fa-linkedin-in\"><\/i>\n                                                                                                                    <\/a>\n                                                    <\/li>\n                                                                                            <\/ul>\n                                        <\/div>\n                                                                    <\/div>\n                                <div class=\"speaker-footer-content\">\n                                    <h2 class=\"speaker-title\">\n                                        <a href=\"https:\/\/power-to-x-days.ch\/fr\/speaker\/daniela-decurtins\/\">Daniela Decurtins<\/a>\n                                    <\/h2>\n\n                                                                            <p>Directrice de l&rsquo;ASIG, Association Suisse de l&rsquo;Industrie Gazi\u00e8re<\/p>\n                                                                    <\/div>\n                            <\/div>\n                        <\/div>\n                                            <div class=\"speaker-wrapper delay-0 scrollMagic-block visibleInBackend\" data-uid=\"69f51b88344e2\">\n                            <div class=\"speaker-inner-container\">\n                                <div class=\"speaker-photo\">\n                                    <div class=\"speaker-photo-top-bg\" style=\"background-color: #4d55ae\"><\/div>\n\n                                    <a href=\"https:\/\/power-to-x-days.ch\/fr\/speaker\/fabrice-billard\/\">\n                                                                                    <img loading=\"lazy\" decoding=\"async\" src=\"https:\/\/power-to-x-days.ch\/wp-content\/uploads\/2024\/06\/Fabrice_Billard-1-300x300.png\" alt=\"Fabrice Billard\">\n                                                                            <\/a>\n                                                                            <div class=\"speaker-social-profiles\">\n                                            <ul class=\"speakers-social-lists\">\n                                                                                                    <li>\n                                                        <a href=\"https:\/\/www.linkedin.com\/in\/fabrice-billard-35124b\/\" target=\"_blank\">\n                                                                                                                            <i class=\"fa-brands fa-linkedin-in\"><\/i>\n                                                                                                                    <\/a>\n                                                    <\/li>\n                                                                                            <\/ul>\n                                        <\/div>\n                                                                    <\/div>\n                                <div class=\"speaker-footer-content\">\n                                    <h2 class=\"speaker-title\">\n                                        <a href=\"https:\/\/power-to-x-days.ch\/fr\/speaker\/fabrice-billard\/\">Fabrice Billard<\/a>\n                                    <\/h2>\n\n                                                                            <p>CEO, Burckhardt Compression<\/p>\n                                                                    <\/div>\n                            <\/div>\n                        <\/div>\n                                            <div class=\"speaker-wrapper delay-1 scrollMagic-block visibleInBackend\" data-uid=\"69f51b8834f98\">\n                            <div class=\"speaker-inner-container\">\n                                <div class=\"speaker-photo\">\n                                    <div class=\"speaker-photo-top-bg\" style=\"background-color: #4d55ae\"><\/div>\n\n                                    <a href=\"https:\/\/power-to-x-days.ch\/fr\/speaker\/gian-luca-bona\/\">\n                                                                                    <img loading=\"lazy\" decoding=\"async\" src=\"https:\/\/power-to-x-days.ch\/wp-content\/uploads\/2024\/06\/Gian-Luca_Bona-1-300x300.png\" alt=\"Gian-Luca Bona\">\n                                                                            <\/a>\n                                                                            <div class=\"speaker-social-profiles\">\n                                            <ul class=\"speakers-social-lists\">\n                                                                                                    <li>\n                                                        <a href=\"https:\/\/www.linkedin.com\/in\/gibona\/\" target=\"_blank\">\n                                                                                                                            <i class=\"fa-brands fa-linkedin-in\"><\/i>\n                                                                                                                    <\/a>\n                                                    <\/li>\n                                                                                            <\/ul>\n                                        <\/div>\n                                                                    <\/div>\n                                <div class=\"speaker-footer-content\">\n                                    <h2 class=\"speaker-title\">\n                                        <a href=\"https:\/\/power-to-x-days.ch\/fr\/speaker\/gian-luca-bona\/\">Gian-Luca Bona<\/a>\n                                    <\/h2>\n\n                                                                            <p>Em. Em. Professeur \u00e0 l&rsquo;ETH Zurich &#038; EPFL, ex-directeur de l&rsquo;Empa<\/p>\n                                                                    <\/div>\n                            <\/div>\n                        <\/div>\n                                            <div class=\"speaker-wrapper delay-2 scrollMagic-block visibleInBackend\" data-uid=\"69f51b88359a5\">\n                            <div class=\"speaker-inner-container\">\n                                <div class=\"speaker-photo\">\n                                    <div class=\"speaker-photo-top-bg\" style=\"background-color: #5dbf7c\"><\/div>\n\n                                    <a href=\"https:\/\/power-to-x-days.ch\/fr\/speaker\/hans-hess\/\">\n                                                                                    <img loading=\"lazy\" decoding=\"async\" src=\"https:\/\/power-to-x-days.ch\/wp-content\/uploads\/2024\/07\/Hess_Hans-300x300.png\" alt=\"Hans Hess\">\n                                                                            <\/a>\n                                                                            <div class=\"speaker-social-profiles\">\n                                            <ul class=\"speakers-social-lists\">\n                                                                                                    <li>\n                                                        <a href=\"https:\/\/www.linkedin.com\/in\/hans-hess-a873ba2\/\" target=\"_blank\">\n                                                                                                                            <i class=\"fa-brands fa-linkedin-in\"><\/i>\n                                                                                                                    <\/a>\n                                                    <\/li>\n                                                                                            <\/ul>\n                                        <\/div>\n                                                                    <\/div>\n                                <div class=\"speaker-footer-content\">\n                                    <h2 class=\"speaker-title\">\n                                        <a href=\"https:\/\/power-to-x-days.ch\/fr\/speaker\/hans-hess\/\">Hans Hess<\/a>\n                                    <\/h2>\n\n                                                                            <p>Pr\u00e9sident du conseil d&rsquo;administration de Synhelion<\/p>\n                                                                    <\/div>\n                            <\/div>\n                        <\/div>\n                                            <div class=\"speaker-wrapper delay-0 scrollMagic-block visibleInBackend\" data-uid=\"69f51b88363ce\">\n                            <div class=\"speaker-inner-container\">\n                                <div class=\"speaker-photo\">\n                                    <div class=\"speaker-photo-top-bg\" style=\"background-color: #4d55ae\"><\/div>\n\n                                    <a href=\"https:\/\/power-to-x-days.ch\/fr\/speaker\/ingenieur-diplome-ing-fh-steffen-raff\/\">\n                                                                                    <img loading=\"lazy\" decoding=\"async\" src=\"https:\/\/power-to-x-days.ch\/wp-content\/uploads\/2024\/06\/Steffen_Raff-1-300x300.png\" alt=\"Ing\u00e9nieur dipl\u00f4m\u00e9 -Ing. (FH) Steffen Raff\">\n                                                                            <\/a>\n                                                                            <div class=\"speaker-social-profiles\">\n                                            <ul class=\"speakers-social-lists\">\n                                                                                                    <li>\n                                                        <a href=\"https:\/\/www.linkedin.com\/in\/steffen-raff-a5424246\/\" target=\"_blank\">\n                                                                                                                            <i class=\"fa-brands fa-linkedin-in\"><\/i>\n                                                                                                                    <\/a>\n                                                    <\/li>\n                                                                                            <\/ul>\n                                        <\/div>\n                                                                    <\/div>\n                                <div class=\"speaker-footer-content\">\n                                    <h2 class=\"speaker-title\">\n                                        <a href=\"https:\/\/power-to-x-days.ch\/fr\/speaker\/ingenieur-diplome-ing-fh-steffen-raff\/\">Ing\u00e9nieur dipl\u00f4m\u00e9 -Ing. (FH) Steffen Raff<\/a>\n                                    <\/h2>\n\n                                                                            <p>Responsable du service de maintenance des bus \u00e0 la Stuttgarter Stra\u00dfenbahnen AG (SSB)<\/p>\n                                                                    <\/div>\n                            <\/div>\n                        <\/div>\n                                            <div class=\"speaker-wrapper delay-1 scrollMagic-block visibleInBackend\" data-uid=\"69f51b8836ba9\">\n                            <div class=\"speaker-inner-container\">\n                                <div class=\"speaker-photo\">\n                                    <div class=\"speaker-photo-top-bg\" style=\"background-color: #4d55ae\"><\/div>\n\n                                    <a href=\"https:\/\/power-to-x-days.ch\/fr\/speaker\/markus-bareit\/\">\n                                                                                    <img loading=\"lazy\" decoding=\"async\" src=\"https:\/\/power-to-x-days.ch\/wp-content\/uploads\/2024\/06\/Markus_Bareit-1-300x300.png\" alt=\"Markus Bareit\">\n                                                                            <\/a>\n                                                                            <div class=\"speaker-social-profiles\">\n                                            <ul class=\"speakers-social-lists\">\n                                                                                                    <li>\n                                                        <a href=\"https:\/\/www.linkedin.com\/in\/markus-bareit-phd-0a028925\/\" target=\"_blank\">\n                                                                                                                            <i class=\"fa-brands fa-linkedin-in\"><\/i>\n                                                                                                                    <\/a>\n                                                    <\/li>\n                                                                                            <\/ul>\n                                        <\/div>\n                                                                    <\/div>\n                                <div class=\"speaker-footer-content\">\n                                    <h2 class=\"speaker-title\">\n                                        <a href=\"https:\/\/power-to-x-days.ch\/fr\/speaker\/markus-bareit\/\">Markus Bareit<\/a>\n                                    <\/h2>\n\n                                                                            <p>Chef de projet hydrog\u00e8ne, Office f\u00e9d\u00e9ral de l&rsquo;\u00e9nergie<\/p>\n                                                                    <\/div>\n                            <\/div>\n                        <\/div>\n                                            <div class=\"speaker-wrapper delay-2 scrollMagic-block visibleInBackend\" data-uid=\"69f51b8837710\">\n                            <div class=\"speaker-inner-container\">\n                                <div class=\"speaker-photo\">\n                                    <div class=\"speaker-photo-top-bg\" style=\"background-color: #5dbf7c\"><\/div>\n\n                                    <a href=\"https:\/\/power-to-x-days.ch\/fr\/speaker\/martin-baeumle\/\">\n                                                                                    <img loading=\"lazy\" decoding=\"async\" src=\"https:\/\/power-to-x-days.ch\/wp-content\/uploads\/2024\/06\/Martin_Baeumle-1-300x300.png\" alt=\"Martin B\u00e4umle\">\n                                                                            <\/a>\n                                                                            <div class=\"speaker-social-profiles\">\n                                            <ul class=\"speakers-social-lists\">\n                                                                                                    <li>\n                                                        <a href=\"https:\/\/www.linkedin.com\/in\/martin-b%C3%A4umle-b314b81b\/\" target=\"_blank\">\n                                                                                                                            <i class=\"fa-brands fa-linkedin-in\"><\/i>\n                                                                                                                    <\/a>\n                                                    <\/li>\n                                                                                            <\/ul>\n                                        <\/div>\n                                                                    <\/div>\n                                <div class=\"speaker-footer-content\">\n                                    <h2 class=\"speaker-title\">\n                                        <a href=\"https:\/\/power-to-x-days.ch\/fr\/speaker\/martin-baeumle\/\">Martin B\u00e4umle<\/a>\n                                    <\/h2>\n\n                                                                            <p>Membre CEATE-N, co-pr\u00e9sident SPIN<\/p>\n                                                                    <\/div>\n                            <\/div>\n                        <\/div>\n                                            <div class=\"speaker-wrapper delay-0 scrollMagic-block visibleInBackend\" data-uid=\"69f51b8838286\">\n                            <div class=\"speaker-inner-container\">\n                                <div class=\"speaker-photo\">\n                                    <div class=\"speaker-photo-top-bg\" style=\"background-color: #4d55ae\"><\/div>\n\n                                    <a href=\"https:\/\/power-to-x-days.ch\/fr\/speaker\/martin-eggstein\/\">\n                                                                                    <img loading=\"lazy\" decoding=\"async\" src=\"https:\/\/power-to-x-days.ch\/wp-content\/uploads\/2024\/06\/Martin_Eggstein-1-300x300.png\" alt=\"Martin Eggstein\">\n                                                                            <\/a>\n                                                                            <div class=\"speaker-social-profiles\">\n                                            <ul class=\"speakers-social-lists\">\n                                                                                                    <li>\n                                                        <a href=\"https:\/\/www.linkedin.com\/in\/martin-eggstein-156a68122\/\" target=\"_blank\">\n                                                                                                                            <i class=\"fa-brands fa-linkedin-in\"><\/i>\n                                                                                                                    <\/a>\n                                                    <\/li>\n                                                                                            <\/ul>\n                                        <\/div>\n                                                                    <\/div>\n                                <div class=\"speaker-footer-content\">\n                                    <h2 class=\"speaker-title\">\n                                        <a href=\"https:\/\/power-to-x-days.ch\/fr\/speaker\/martin-eggstein\/\">Martin Eggstein<\/a>\n                                    <\/h2>\n\n                                                                            <p>Ministre d\u00e9l\u00e9gu\u00e9, D\u00e9partement de l&rsquo;\u00e9nergie, Minist\u00e8re UKE, BW, Stuttgart<\/p>\n                                                                    <\/div>\n                            <\/div>\n                        <\/div>\n                                            <div class=\"speaker-wrapper delay-1 scrollMagic-block visibleInBackend\" data-uid=\"69f51b8838dcc\">\n                            <div class=\"speaker-inner-container\">\n                                <div class=\"speaker-photo\">\n                                    <div class=\"speaker-photo-top-bg\" style=\"background-color: #4d55ae\"><\/div>\n\n                                    <a href=\"https:\/\/power-to-x-days.ch\/fr\/speaker\/martin-gautschi\/\">\n                                                                                    <img loading=\"lazy\" decoding=\"async\" src=\"https:\/\/power-to-x-days.ch\/wp-content\/uploads\/2024\/06\/Referentinnen-P2X-DAYS-300x300.png\" alt=\"Martin Gautschi\">\n                                                                            <\/a>\n                                                                            <div class=\"speaker-social-profiles\">\n                                            <ul class=\"speakers-social-lists\">\n                                                                                                    <li>\n                                                        <a href=\"https:\/\/www.linkedin.com\/in\/martin-gautschi-8ab275104\/\" target=\"_blank\">\n                                                                                                                            <i class=\"fa-brands fa-linkedin-in\"><\/i>\n                                                                                                                    <\/a>\n                                                    <\/li>\n                                                                                            <\/ul>\n                                        <\/div>\n                                                                    <\/div>\n                                <div class=\"speaker-footer-content\">\n                                    <h2 class=\"speaker-title\">\n                                        <a href=\"https:\/\/power-to-x-days.ch\/fr\/speaker\/martin-gautschi\/\">Martin Gautschi<\/a>\n                                    <\/h2>\n\n                                                                            <p>Propri\u00e9taire de Voegtlin-Meyer SA<\/p>\n                                                                    <\/div>\n                            <\/div>\n                        <\/div>\n                                            <div class=\"speaker-wrapper delay-2 scrollMagic-block visibleInBackend\" data-uid=\"69f51b883971b\">\n                            <div class=\"speaker-inner-container\">\n                                <div class=\"speaker-photo\">\n                                    <div class=\"speaker-photo-top-bg\" style=\"background-color: #4d55ae\"><\/div>\n\n                                    <a href=\"https:\/\/power-to-x-days.ch\/fr\/speaker\/martin-hirzel\/\">\n                                                                                    <img loading=\"lazy\" decoding=\"async\" src=\"https:\/\/power-to-x-days.ch\/wp-content\/uploads\/2024\/06\/Martin_Hirzel-1-300x300.png\" alt=\"Martin Hirzel\">\n                                                                            <\/a>\n                                                                            <div class=\"speaker-social-profiles\">\n                                            <ul class=\"speakers-social-lists\">\n                                                                                                    <li>\n                                                        <a href=\"https:\/\/www.linkedin.com\/in\/martin-hirzel-4157184\/\" target=\"_blank\">\n                                                                                                                            <i class=\"fa-brands fa-linkedin-in\"><\/i>\n                                                                                                                    <\/a>\n                                                    <\/li>\n                                                                                            <\/ul>\n                                        <\/div>\n                                                                    <\/div>\n                                <div class=\"speaker-footer-content\">\n                                    <h2 class=\"speaker-title\">\n                                        <a href=\"https:\/\/power-to-x-days.ch\/fr\/speaker\/martin-hirzel\/\">Martin Hirzel<\/a>\n                                    <\/h2>\n\n                                                                            <p>Pr\u00e9sident Swissmem<\/p>\n                                                                    <\/div>\n                            <\/div>\n                        <\/div>\n                                            <div class=\"speaker-wrapper delay-0 scrollMagic-block visibleInBackend\" data-uid=\"69f51b8839f40\">\n                            <div class=\"speaker-inner-container\">\n                                <div class=\"speaker-photo\">\n                                    <div class=\"speaker-photo-top-bg\" style=\"background-color: #5dbf7c\"><\/div>\n\n                                    <a href=\"https:\/\/power-to-x-days.ch\/fr\/speaker\/nicole-vermeulen\/\">\n                                                                                    <img loading=\"lazy\" decoding=\"async\" src=\"https:\/\/power-to-x-days.ch\/wp-content\/uploads\/2024\/07\/Vermeulen_Nicole-300x300.png\" alt=\"Nicole Vermeulen\">\n                                                                            <\/a>\n                                                                            <div class=\"speaker-social-profiles\">\n                                            <ul class=\"speakers-social-lists\">\n                                                                                                    <li>\n                                                        <a href=\"https:\/\/www.linkedin.com\/in\/nicolevermeulen\/\" target=\"_blank\">\n                                                                                                                            <i class=\"fa-brands fa-linkedin-in\"><\/i>\n                                                                                                                    <\/a>\n                                                    <\/li>\n                                                                                            <\/ul>\n                                        <\/div>\n                                                                    <\/div>\n                                <div class=\"speaker-footer-content\">\n                                    <h2 class=\"speaker-title\">\n                                        <a href=\"https:\/\/power-to-x-days.ch\/fr\/speaker\/nicole-vermeulen\/\">Nicole Vermeulen<\/a>\n                                    <\/h2>\n\n                                                                            <p>Chief Industrial Officer, Hy24<\/p>\n                                                                    <\/div>\n                            <\/div>\n                        <\/div>\n                                            <div class=\"speaker-wrapper delay-1 scrollMagic-block visibleInBackend\" data-uid=\"69f51b883a872\">\n                            <div class=\"speaker-inner-container\">\n                                <div class=\"speaker-photo\">\n                                    <div class=\"speaker-photo-top-bg\" style=\"background-color: #4d55ae\"><\/div>\n\n                                    <a href=\"https:\/\/power-to-x-days.ch\/fr\/speaker\/oliver-riemenschneider\/\">\n                                                                                    <img loading=\"lazy\" decoding=\"async\" src=\"https:\/\/power-to-x-days.ch\/wp-content\/uploads\/2024\/06\/Oliver_Riemenschneider-300x300.png\" alt=\"Oliver\u00ad Riemenschneider\">\n                                                                            <\/a>\n                                                                            <div class=\"speaker-social-profiles\">\n                                            <ul class=\"speakers-social-lists\">\n                                                                                                    <li>\n                                                        <a href=\"https:\/\/www.linkedin.com\/in\/oliver-riemenschneider-50490416\/\" target=\"_blank\">\n                                                                                                                            <i class=\"fa-brands fa-linkedin-in\"><\/i>\n                                                                                                                    <\/a>\n                                                    <\/li>\n                                                                                            <\/ul>\n                                        <\/div>\n                                                                    <\/div>\n                                <div class=\"speaker-footer-content\">\n                                    <h2 class=\"speaker-title\">\n                                        <a href=\"https:\/\/power-to-x-days.ch\/fr\/speaker\/oliver-riemenschneider\/\">Oliver\u00ad Riemenschneider<\/a>\n                                    <\/h2>\n\n                                                                            <p>Pr\u00e9sident du conseil d&rsquo;administration d&rsquo;Accelleron et de V-ZUG<\/p>\n                                                                    <\/div>\n                            <\/div>\n                        <\/div>\n                                            <div class=\"speaker-wrapper delay-2 scrollMagic-block visibleInBackend\" data-uid=\"69f51b883b5da\">\n                            <div class=\"speaker-inner-container\">\n                                <div class=\"speaker-photo\">\n                                    <div class=\"speaker-photo-top-bg\" style=\"background-color: #4d55ae\"><\/div>\n\n                                    <a href=\"https:\/\/power-to-x-days.ch\/fr\/speaker\/patrik-meli\/\">\n                                                                                    <img loading=\"lazy\" decoding=\"async\" src=\"https:\/\/power-to-x-days.ch\/wp-content\/uploads\/2024\/06\/Referentinnen-P2X-DAYS-1-300x300.png\" alt=\"Patrik Meli\">\n                                                                            <\/a>\n                                                                            <div class=\"speaker-social-profiles\">\n                                            <ul class=\"speakers-social-lists\">\n                                                                                                    <li>\n                                                        <a href=\"https:\/\/www.linkedin.com\/in\/patrik-meli\/\" target=\"_blank\">\n                                                                                                                            <i class=\"fa-brands fa-linkedin-in\"><\/i>\n                                                                                                                    <\/a>\n                                                    <\/li>\n                                                                                            <\/ul>\n                                        <\/div>\n                                                                    <\/div>\n                                <div class=\"speaker-footer-content\">\n                                    <h2 class=\"speaker-title\">\n                                        <a href=\"https:\/\/power-to-x-days.ch\/fr\/speaker\/patrik-meli\/\">Patrik Meli<\/a>\n                                    <\/h2>\n\n                                                                            <p>Managing Director MAN Energy Solutions Schweiz AG, co-pr\u00e9sident SPIN<\/p>\n                                                                    <\/div>\n                            <\/div>\n                        <\/div>\n                                            <div class=\"speaker-wrapper delay-0 scrollMagic-block visibleInBackend\" data-uid=\"69f51b883bff2\">\n                            <div class=\"speaker-inner-container\">\n                                <div class=\"speaker-photo\">\n                                    <div class=\"speaker-photo-top-bg\" style=\"background-color: #5dbf7c\"><\/div>\n\n                                    <a href=\"https:\/\/power-to-x-days.ch\/fr\/speaker\/peter-metzinger\/\">\n                                                                                    <img loading=\"lazy\" decoding=\"async\" src=\"https:\/\/power-to-x-days.ch\/wp-content\/uploads\/2024\/09\/Peter_Metzinger-300x300.png\" alt=\"Peter Metzinger\">\n                                                                            <\/a>\n                                                                            <div class=\"speaker-social-profiles\">\n                                            <ul class=\"speakers-social-lists\">\n                                                                                                    <li>\n                                                        <a href=\"https:\/\/linkedin.com\/in\/petermetzinger\" target=\"_blank\">\n                                                                                                                            <i class=\"fa-brands fa-linkedin-in\"><\/i>\n                                                                                                                    <\/a>\n                                                    <\/li>\n                                                                                            <\/ul>\n                                        <\/div>\n                                                                    <\/div>\n                                <div class=\"speaker-footer-content\">\n                                    <h2 class=\"speaker-title\">\n                                        <a href=\"https:\/\/power-to-x-days.ch\/fr\/speaker\/peter-metzinger\/\">Peter Metzinger<\/a>\n                                    <\/h2>\n\n                                                                            <p> SPIN Co-Managing Director<\/p>\n                                                                    <\/div>\n                            <\/div>\n                        <\/div>\n                                            <div class=\"speaker-wrapper delay-1 scrollMagic-block visibleInBackend\" data-uid=\"69f51b883c8c4\">\n                            <div class=\"speaker-inner-container\">\n                                <div class=\"speaker-photo\">\n                                    <div class=\"speaker-photo-top-bg\" style=\"background-color: #4d55ae\"><\/div>\n\n                                    <a href=\"https:\/\/power-to-x-days.ch\/fr\/speaker\/philipp-furler\/\">\n                                                                                    <img loading=\"lazy\" decoding=\"async\" src=\"https:\/\/power-to-x-days.ch\/wp-content\/uploads\/2024\/06\/Philipp_Furler-300x300.png\" alt=\"Philipp Furler\">\n                                                                            <\/a>\n                                                                            <div class=\"speaker-social-profiles\">\n                                            <ul class=\"speakers-social-lists\">\n                                                                                                    <li>\n                                                        <a href=\"https:\/\/www.linkedin.com\/in\/philipp-furler-phd-99b81556\/\" target=\"_blank\">\n                                                                                                                            <i class=\"fa-brands fa-linkedin-in\"><\/i>\n                                                                                                                    <\/a>\n                                                    <\/li>\n                                                                                            <\/ul>\n                                        <\/div>\n                                                                    <\/div>\n                                <div class=\"speaker-footer-content\">\n                                    <h2 class=\"speaker-title\">\n                                        <a href=\"https:\/\/power-to-x-days.ch\/fr\/speaker\/philipp-furler\/\">Philipp Furler<\/a>\n                                    <\/h2>\n\n                                                                            <p>PDG et cofondateur de Synhelion<\/p>\n                                                                    <\/div>\n                            <\/div>\n                        <\/div>\n                                            <div class=\"speaker-wrapper delay-2 scrollMagic-block visibleInBackend\" data-uid=\"69f51b883d330\">\n                            <div class=\"speaker-inner-container\">\n                                <div class=\"speaker-photo\">\n                                    <div class=\"speaker-photo-top-bg\" style=\"background-color: #4d55ae\"><\/div>\n\n                                    <a href=\"https:\/\/power-to-x-days.ch\/fr\/speaker\/stephan-klapproth\/\">\n                                                                                    <img loading=\"lazy\" decoding=\"async\" src=\"https:\/\/power-to-x-days.ch\/wp-content\/uploads\/2024\/06\/Stephan_Klapproth-1-300x300.png\" alt=\"Stephan Klapproth\">\n                                                                            <\/a>\n                                                                            <div class=\"speaker-social-profiles\">\n                                            <ul class=\"speakers-social-lists\">\n                                                                                                    <li>\n                                                        <a href=\"https:\/\/www.linkedin.com\/in\/stephan-klapproth-0763b6284\/\" target=\"_blank\">\n                                                                                                                            <i class=\"fa-brands fa-linkedin-in\"><\/i>\n                                                                                                                    <\/a>\n                                                    <\/li>\n                                                                                            <\/ul>\n                                        <\/div>\n                                                                    <\/div>\n                                <div class=\"speaker-footer-content\">\n                                    <h2 class=\"speaker-title\">\n                                        <a href=\"https:\/\/power-to-x-days.ch\/fr\/speaker\/stephan-klapproth\/\">Stephan Klapproth<\/a>\n                                    <\/h2>\n\n                                                                            <p>Animateur et entrepreneur<\/p>\n                                                                    <\/div>\n                            <\/div>\n                        <\/div>\n                                            <div class=\"speaker-wrapper delay-0 scrollMagic-block visibleInBackend\" data-uid=\"69f51b883de50\">\n                            <div class=\"speaker-inner-container\">\n                                <div class=\"speaker-photo\">\n                                    <div class=\"speaker-photo-top-bg\" style=\"background-color: #4d55ae\"><\/div>\n\n                                    <a href=\"https:\/\/power-to-x-days.ch\/fr\/speaker\/veronika-scheling\/\">\n                                                                                    <img loading=\"lazy\" decoding=\"async\" src=\"https:\/\/power-to-x-days.ch\/wp-content\/uploads\/2024\/06\/Veronika_Scheling-300x300.png\" alt=\"Veronika Scheling\">\n                                                                            <\/a>\n                                                                            <div class=\"speaker-social-profiles\">\n                                            <ul class=\"speakers-social-lists\">\n                                                                                                    <li>\n                                                        <a href=\"https:\/\/www.linkedin.com\/in\/veronika-schelling-5775582a\/\" target=\"_blank\">\n                                                                                                                            <i class=\"fa-brands fa-linkedin-in\"><\/i>\n                                                                                                                    <\/a>\n                                                    <\/li>\n                                                                                            <\/ul>\n                                        <\/div>\n                                                                    <\/div>\n                                <div class=\"speaker-footer-content\">\n                                    <h2 class=\"speaker-title\">\n                                        <a href=\"https:\/\/power-to-x-days.ch\/fr\/speaker\/veronika-scheling\/\">Veronika Scheling<\/a>\n                                    <\/h2>\n\n                                                                            <p>Leader de la mobilit\u00e9 hydrog\u00e8ne et de l&rsquo;\u00e9nergie, Burckhardt Compression<\/p>\n                                                                    <\/div>\n                            <\/div>\n                        <\/div>\n                                    <\/div>\n            <\/div>\n        <\/section>\n    \n\n\n\n\n    <div class=\"xs_social_share_widget xs_share_url after_content \t\tmain_content  wslu-style-1 wslu-share-box-shaped wslu-fill-colored wslu-none wslu-share-horizontal wslu-theme-font-no wslu-main_content\">\n\n\t\t\n        <ul>\n\t\t\t        <\/ul>\n    <\/div> \n","protected":false},"excerpt":{"rendered":"","protected":false},"author":5,"featured_media":0,"parent":0,"menu_order":0,"comment_status":"closed","ping_status":"closed","template":"template\/full-width-template.php","meta":{"_acf_changed":false,"inline_featured_image":false,"footnotes":""},"class_list":["post-10561","page","type-page","status-publish","hentry"],"acf":[],"yoast_head":"<!-- This site is optimized with the Yoast SEO plugin v27.2 - https:\/\/yoast.com\/product\/yoast-seo-wordpress\/ -->\n<title>Oratrices et orateurs - Power-to-X DAYS<\/title>\n<meta name=\"robots\" content=\"index, follow, max-snippet:-1, max-image-preview:large, max-video-preview:-1\" \/>\n<link rel=\"canonical\" href=\"https:\/\/power-to-x-days.ch\/fr\/speakers\/\" \/>\n<meta property=\"og:locale\" content=\"fr_FR\" \/>\n<meta property=\"og:type\" content=\"article\" \/>\n<meta property=\"og:title\" content=\"Oratrices et orateurs - Power-to-X DAYS\" \/>\n<meta property=\"og:url\" content=\"https:\/\/power-to-x-days.ch\/fr\/speakers\/\" \/>\n<meta property=\"og:site_name\" content=\"Power-to-X DAYS\" \/>\n<meta property=\"article:modified_time\" content=\"2025-09-08T06:35:37+00:00\" \/>\n<meta property=\"og:image\" content=\"https:\/\/power-to-x-days.ch\/wp-content\/uploads\/2020\/01\/p2xlogopng.png\" \/>\n\t<meta property=\"og:image:width\" content=\"1192\" \/>\n\t<meta property=\"og:image:height\" content=\"337\" \/>\n\t<meta property=\"og:image:type\" content=\"image\/png\" \/>\n<meta name=\"twitter:card\" content=\"summary_large_image\" \/>\n<script type=\"application\/ld+json\" class=\"yoast-schema-graph\">{\"@context\":\"https:\/\/schema.org\",\"@graph\":[{\"@type\":\"WebPage\",\"@id\":\"https:\/\/power-to-x-days.ch\/fr\/speakers\/\",\"url\":\"https:\/\/power-to-x-days.ch\/fr\/speakers\/\",\"name\":\"Oratrices et orateurs - Power-to-X DAYS\",\"isPartOf\":{\"@id\":\"https:\/\/power-to-x-days.ch\/#website\"},\"datePublished\":\"2024-06-17T11:35:46+00:00\",\"dateModified\":\"2025-09-08T06:35:37+00:00\",\"breadcrumb\":{\"@id\":\"https:\/\/power-to-x-days.ch\/fr\/speakers\/#breadcrumb\"},\"inLanguage\":\"fr-FR\",\"potentialAction\":[{\"@type\":\"ReadAction\",\"target\":[\"https:\/\/power-to-x-days.ch\/fr\/speakers\/\"]}]},{\"@type\":\"BreadcrumbList\",\"@id\":\"https:\/\/power-to-x-days.ch\/fr\/speakers\/#breadcrumb\",\"itemListElement\":[{\"@type\":\"ListItem\",\"position\":1,\"name\":\"Startseite\",\"item\":\"https:\/\/power-to-x-days.ch\/fr\/\"},{\"@type\":\"ListItem\",\"position\":2,\"name\":\"Oratrices et orateurs\"}]},{\"@type\":\"WebSite\",\"@id\":\"https:\/\/power-to-x-days.ch\/#website\",\"url\":\"https:\/\/power-to-x-days.ch\/\",\"name\":\"Power-to-X DAYS\",\"description\":\"Energie f\u00fcr gute L\u00f6sungen\",\"publisher\":{\"@id\":\"https:\/\/power-to-x-days.ch\/#organization\"},\"potentialAction\":[{\"@type\":\"SearchAction\",\"target\":{\"@type\":\"EntryPoint\",\"urlTemplate\":\"https:\/\/power-to-x-days.ch\/?s={search_term_string}\"},\"query-input\":{\"@type\":\"PropertyValueSpecification\",\"valueRequired\":true,\"valueName\":\"search_term_string\"}}],\"inLanguage\":\"fr-FR\"},{\"@type\":\"Organization\",\"@id\":\"https:\/\/power-to-x-days.ch\/#organization\",\"name\":\"Power-to-X DAYS\",\"url\":\"https:\/\/power-to-x-days.ch\/\",\"logo\":{\"@type\":\"ImageObject\",\"inLanguage\":\"fr-FR\",\"@id\":\"https:\/\/power-to-x-days.ch\/#\/schema\/logo\/image\/\",\"url\":\"https:\/\/power-to-x-days.ch\/wp-content\/uploads\/2020\/01\/p2xlogopng.png\",\"contentUrl\":\"https:\/\/power-to-x-days.ch\/wp-content\/uploads\/2020\/01\/p2xlogopng.png\",\"width\":1192,\"height\":337,\"caption\":\"Power-to-X DAYS\"},\"image\":{\"@id\":\"https:\/\/power-to-x-days.ch\/#\/schema\/logo\/image\/\"},\"sameAs\":[\"https:\/\/www.linkedin.com\/company\/102862334\",\"https:\/\/www.instagram.com\/power_to_x_days\"]}]}<\/script>\n<!-- \/ Yoast SEO plugin. -->","yoast_head_json":{"title":"Oratrices et orateurs - Power-to-X DAYS","robots":{"index":"index","follow":"follow","max-snippet":"max-snippet:-1","max-image-preview":"max-image-preview:large","max-video-preview":"max-video-preview:-1"},"canonical":"https:\/\/power-to-x-days.ch\/fr\/speakers\/","og_locale":"fr_FR","og_type":"article","og_title":"Oratrices et orateurs - Power-to-X DAYS","og_url":"https:\/\/power-to-x-days.ch\/fr\/speakers\/","og_site_name":"Power-to-X DAYS","article_modified_time":"2025-09-08T06:35:37+00:00","og_image":[{"width":1192,"height":337,"url":"https:\/\/power-to-x-days.ch\/wp-content\/uploads\/2020\/01\/p2xlogopng.png","type":"image\/png"}],"twitter_card":"summary_large_image","schema":{"@context":"https:\/\/schema.org","@graph":[{"@type":"WebPage","@id":"https:\/\/power-to-x-days.ch\/fr\/speakers\/","url":"https:\/\/power-to-x-days.ch\/fr\/speakers\/","name":"Oratrices et orateurs - Power-to-X DAYS","isPartOf":{"@id":"https:\/\/power-to-x-days.ch\/#website"},"datePublished":"2024-06-17T11:35:46+00:00","dateModified":"2025-09-08T06:35:37+00:00","breadcrumb":{"@id":"https:\/\/power-to-x-days.ch\/fr\/speakers\/#breadcrumb"},"inLanguage":"fr-FR","potentialAction":[{"@type":"ReadAction","target":["https:\/\/power-to-x-days.ch\/fr\/speakers\/"]}]},{"@type":"BreadcrumbList","@id":"https:\/\/power-to-x-days.ch\/fr\/speakers\/#breadcrumb","itemListElement":[{"@type":"ListItem","position":1,"name":"Startseite","item":"https:\/\/power-to-x-days.ch\/fr\/"},{"@type":"ListItem","position":2,"name":"Oratrices et orateurs"}]},{"@type":"WebSite","@id":"https:\/\/power-to-x-days.ch\/#website","url":"https:\/\/power-to-x-days.ch\/","name":"Power-to-X DAYS","description":"Energie f\u00fcr gute L\u00f6sungen","publisher":{"@id":"https:\/\/power-to-x-days.ch\/#organization"},"potentialAction":[{"@type":"SearchAction","target":{"@type":"EntryPoint","urlTemplate":"https:\/\/power-to-x-days.ch\/?s={search_term_string}"},"query-input":{"@type":"PropertyValueSpecification","valueRequired":true,"valueName":"search_term_string"}}],"inLanguage":"fr-FR"},{"@type":"Organization","@id":"https:\/\/power-to-x-days.ch\/#organization","name":"Power-to-X DAYS","url":"https:\/\/power-to-x-days.ch\/","logo":{"@type":"ImageObject","inLanguage":"fr-FR","@id":"https:\/\/power-to-x-days.ch\/#\/schema\/logo\/image\/","url":"https:\/\/power-to-x-days.ch\/wp-content\/uploads\/2020\/01\/p2xlogopng.png","contentUrl":"https:\/\/power-to-x-days.ch\/wp-content\/uploads\/2020\/01\/p2xlogopng.png","width":1192,"height":337,"caption":"Power-to-X DAYS"},"image":{"@id":"https:\/\/power-to-x-days.ch\/#\/schema\/logo\/image\/"},"sameAs":["https:\/\/www.linkedin.com\/company\/102862334","https:\/\/www.instagram.com\/power_to_x_days"]}]}},"_links":{"self":[{"href":"https:\/\/power-to-x-days.ch\/fr\/wp-json\/wp\/v2\/pages\/10561","targetHints":{"allow":["GET"]}}],"collection":[{"href":"https:\/\/power-to-x-days.ch\/fr\/wp-json\/wp\/v2\/pages"}],"about":[{"href":"https:\/\/power-to-x-days.ch\/fr\/wp-json\/wp\/v2\/types\/page"}],"author":[{"embeddable":true,"href":"https:\/\/power-to-x-days.ch\/fr\/wp-json\/wp\/v2\/users\/5"}],"replies":[{"embeddable":true,"href":"https:\/\/power-to-x-days.ch\/fr\/wp-json\/wp\/v2\/comments?post=10561"}],"version-history":[{"count":5,"href":"https:\/\/power-to-x-days.ch\/fr\/wp-json\/wp\/v2\/pages\/10561\/revisions"}],"predecessor-version":[{"id":12890,"href":"https:\/\/power-to-x-days.ch\/fr\/wp-json\/wp\/v2\/pages\/10561\/revisions\/12890"}],"wp:attachment":[{"href":"https:\/\/power-to-x-days.ch\/fr\/wp-json\/wp\/v2\/media?parent=10561"}],"curies":[{"name":"wp","href":"https:\/\/api.w.org\/{rel}","templated":true}]}}